{"id":241714,"date":"2023-07-25T00:29:42","date_gmt":"2023-07-25T00:29:42","guid":{"rendered":"https:\/\/ugel04.gob.pe\/home\/?page_id=241714"},"modified":"2023-07-25T00:29:56","modified_gmt":"2023-07-25T00:29:56","slug":"area-de-asesoria-juridica","status":"publish","type":"page","link":"https:\/\/ugel04.gob.pe\/home\/area-de-asesoria-juridica\/","title":{"rendered":"\u00c1rea de Asesor\u00eda Jur\u00eddica"},"content":{"rendered":"<p>[et_pb_section fb_built=\u00bb1&#8243; admin_label=\u00bbServices\u00bb _builder_version=\u00bb4.16&#8243; custom_padding=\u00bb54px|0px|0|0px|false|false\u00bb global_colors_info=\u00bb{}\u00bb theme_builder_area=\u00bbpost_content\u00bb][et_pb_row make_equal=\u00bbon\u00bb padding_top_bottom_link_2=\u00bbtrue\u00bb padding_left_right_link_2=\u00bbtrue\u00bb _builder_version=\u00bb4.21.0&#8243; background_color=\u00bb#ffffff\u00bb background_color_gradient_direction=\u00bb90deg\u00bb custom_margin=\u00bb|||15%\u00bb custom_margin_tablet=\u00bb80px|||10%\u00bb custom_margin_phone=\u00bb\u00bb custom_margin_last_edited=\u00bbon|phone\u00bb custom_padding=\u00bb0|0px|0|0px|true|false\u00bb animation_style=\u00bbslide\u00bb animation_direction=\u00bbright\u00bb animation_intensity_slide=\u00bb2%\u00bb hover_enabled=\u00bb0&#8243; box_shadow_style=\u00bbpreset3&#8243; box_shadow_vertical=\u00bb20px\u00bb box_shadow_blur=\u00bb250px\u00bb box_shadow_spread=\u00bb0px\u00bb box_shadow_color=\u00bbrgba(48,106,255,0.16)\u00bb global_colors_info=\u00bb{}\u00bb column_structure=\u00bb1_3,2_3&#8243; theme_builder_area=\u00bbpost_content\u00bb sticky_enabled=\u00bb0&#8243;][et_pb_column type=\u00bb1_3&#8243; _builder_version=\u00bb4.21.0&#8243; background_image=\u00bbhttps:\/\/ugel04.gob.pe\/home\/wp-content\/uploads\/2023\/07\/ase_jurid.jpg\u00bb custom_padding=\u00bb|||\u00bb custom_padding_tablet=\u00bb0%||0%||true\u00bb custom_padding_phone=\u00bb0%||0%|\u00bb custom_padding_last_edited=\u00bboff|desktop\u00bb hover_enabled=\u00bb0&#8243; global_colors_info=\u00bb{}\u00bb padding_phone=\u00bb0%||0%|\u00bb padding_tablet=\u00bb0%||0%||true\u00bb padding_last_edited=\u00bboff|desktop\u00bb custom_padding__hover=\u00bb|||\u00bb theme_builder_area=\u00bbpost_content\u00bb title_text=\u00bbase_jurid\u00bb sticky_enabled=\u00bb0&#8243;][\/et_pb_column][et_pb_column type=\u00bb2_3&#8243; _builder_version=\u00bb4.16&#8243; custom_padding=\u00bb60px|5%|60px|5%\u00bb global_colors_info=\u00bb{}\u00bb custom_padding__hover=\u00bb|||\u00bb theme_builder_area=\u00bbpost_content\u00bb][et_pb_text _builder_version=\u00bb4.21.0&#8243; text_font=\u00bb||||||||\u00bb text_font_size=\u00bb15px\u00bb text_line_height=\u00bb2em\u00bb ul_font=\u00bb|700|||||||\u00bb ul_line_height=\u00bb2em\u00bb ol_font=\u00bb||||||||\u00bb header_font=\u00bb||||||||\u00bb header_2_font=\u00bbUbuntu|700|||||||\u00bb header_2_font_size=\u00bb40px\u00bb header_2_line_height=\u00bb1.4em\u00bb header_3_font=\u00bb||||||||\u00bb header_4_font=\u00bb||||||||\u00bb header_5_font=\u00bb||||||||\u00bb header_6_font=\u00bb||||||||\u00bb hover_enabled=\u00bb0&#8243; header_2_font_size_tablet=\u00bb\u00bb header_2_font_size_phone=\u00bb24px\u00bb header_2_font_size_last_edited=\u00bbon|phone\u00bb locked=\u00bboff\u00bb global_colors_info=\u00bb{}\u00bb theme_builder_area=\u00bbpost_content\u00bb sticky_enabled=\u00bb0&#8243;]<\/p>\n<h2>\u00c1rea de Asesor\u00eda Jur\u00eddica<\/h2>\n<p>Es responsable del ordenamiento jur\u00eddico del Sector Educaci\u00f3n, encargado de emitir opini\u00f3n legal y dar asesoramiento a la Direcci\u00f3n y \u00c1reas de la Entidad. Asume la defensa de la Instituci\u00f3n cuando es demandado por falta u omisi\u00f3n de las normas del Derecho Administrativo.<\/p>\n<p>[\/et_pb_text][\/et_pb_column][\/et_pb_row][\/et_pb_section]<\/p>\n","protected":false},"excerpt":{"rendered":"<p>\u00c1rea de Asesor\u00eda Jur\u00eddica Es responsable del ordenamiento jur\u00eddico del Sector Educaci\u00f3n, encargado de emitir opini\u00f3n legal y dar asesoramiento a la Direcci\u00f3n y \u00c1reas de la Entidad. Asume la [&hellip;]<\/p>\n","protected":false},"author":1,"featured_media":0,"parent":0,"menu_order":0,"comment_status":"closed","ping_status":"closed","template":"","meta":{"_et_pb_use_builder":"on","_et_pb_old_content":"","_et_gb_content_width":"","footnotes":""},"class_list":["post-241714","page","type-page","status-publish","hentry"],"_links":{"self":[{"href":"https:\/\/ugel04.gob.pe\/home\/wp-json\/wp\/v2\/pages\/241714","targetHints":{"allow":["GET"]}}],"collection":[{"href":"https:\/\/ugel04.gob.pe\/home\/wp-json\/wp\/v2\/pages"}],"about":[{"href":"https:\/\/ugel04.gob.pe\/home\/wp-json\/wp\/v2\/types\/page"}],"author":[{"embeddable":true,"href":"https:\/\/ugel04.gob.pe\/home\/wp-json\/wp\/v2\/users\/1"}],"replies":[{"embeddable":true,"href":"https:\/\/ugel04.gob.pe\/home\/wp-json\/wp\/v2\/comments?post=241714"}],"version-history":[{"count":2,"href":"https:\/\/ugel04.gob.pe\/home\/wp-json\/wp\/v2\/pages\/241714\/revisions"}],"predecessor-version":[{"id":241718,"href":"https:\/\/ugel04.gob.pe\/home\/wp-json\/wp\/v2\/pages\/241714\/revisions\/241718"}],"wp:attachment":[{"href":"https:\/\/ugel04.gob.pe\/home\/wp-json\/wp\/v2\/media?parent=241714"}],"curies":[{"name":"wp","href":"https:\/\/api.w.org\/{rel}","templated":true}]}}