{"id":241581,"date":"2023-07-24T07:21:22","date_gmt":"2023-07-24T07:21:22","guid":{"rendered":"https:\/\/ugel04.gob.pe\/home\/?page_id=241581"},"modified":"2025-12-01T12:41:25","modified_gmt":"2025-12-01T17:41:25","slug":"directorio-institucional","status":"publish","type":"page","link":"https:\/\/ugel04.gob.pe\/home\/directorio-institucional\/","title":{"rendered":"Directorio Institucional"},"content":{"rendered":"<p>[et_pb_section fb_built=\u00bb1&#8243; admin_label=\u00bbWhy Us\u00bb _builder_version=\u00bb4.16&#8243; da_disable_devices=\u00bboff|off|off\u00bb global_colors_info=\u00bb{}\u00bb da_is_popup=\u00bboff\u00bb da_exit_intent=\u00bboff\u00bb da_has_close=\u00bbon\u00bb da_alt_close=\u00bboff\u00bb da_dark_close=\u00bboff\u00bb da_not_modal=\u00bbon\u00bb da_is_singular=\u00bboff\u00bb da_with_loader=\u00bboff\u00bb da_has_shadow=\u00bbon\u00bb][et_pb_row _builder_version=\u00bb4.16&#8243; locked=\u00bboff\u00bb global_colors_info=\u00bb{}\u00bb][et_pb_column type=\u00bb4_4&#8243; _builder_version=\u00bb4.16&#8243; custom_padding=\u00bb|||\u00bb global_colors_info=\u00bb{}\u00bb custom_padding__hover=\u00bb|||\u00bb][et_pb_text _builder_version=\u00bb4.21.0&#8243; text_font=\u00bbEB Garamond|700|||||||\u00bb text_text_color=\u00bbrgba(0,0,0,0.02)\u00bb text_font_size=\u00bb80px\u00bb text_line_height=\u00bb0em\u00bb header_2_font=\u00bbEB Garamond||||||||\u00bb header_2_font_size=\u00bb50px\u00bb header_2_line_height=\u00bb1.3em\u00bb text_orientation=\u00bbcenter\u00bb text_font_size_tablet=\u00bb50px\u00bb text_font_size_phone=\u00bb30px\u00bb text_font_size_last_edited=\u00bbon|desktop\u00bb header_2_font_size_tablet=\u00bb40px\u00bb header_2_font_size_phone=\u00bb30px\u00bb header_2_font_size_last_edited=\u00bbon|phone\u00bb global_colors_info=\u00bb{}\u00bb]<\/p>\n<p>&nbsp;<\/p>\n<h2>Direcci\u00f3n<\/h2>\n<p>[\/et_pb_text][\/et_pb_column][\/et_pb_row][et_pb_row column_structure=\u00bb1_3,1_3,1_3&#8243; _builder_version=\u00bb4.16&#8243; locked=\u00bboff\u00bb global_colors_info=\u00bb{}\u00bb][et_pb_column type=\u00bb1_3&#8243; _builder_version=\u00bb4.16&#8243; custom_padding=\u00bb|||\u00bb global_colors_info=\u00bb{}\u00bb custom_padding__hover=\u00bb|||\u00bb][et_pb_image src=\u00bbhttps:\/\/ugel04.gob.pe\/home\/wp-content\/uploads\/2025\/06\/1.jpg\u00bb title_text=\u00bb1&#8243; _builder_version=\u00bb4.27.4&#8243; _module_preset=\u00bbdefault\u00bb width=\u00bb65%\u00bb global_colors_info=\u00bb{}\u00bb][\/et_pb_image][\/et_pb_column][et_pb_column type=\u00bb1_3&#8243; _builder_version=\u00bb4.16&#8243; custom_padding=\u00bb|||\u00bb global_colors_info=\u00bb{}\u00bb custom_padding__hover=\u00bb|||\u00bb][et_pb_text _builder_version=\u00bb4.27.4&#8243; text_font=\u00bb||||||||\u00bb text_font_size=\u00bb15px\u00bb text_line_height=\u00bb2em\u00bb header_font=\u00bb||||||||\u00bb header_2_font=\u00bb||||||||\u00bb header_3_font=\u00bbEB Garamond||||||||\u00bb header_3_font_size=\u00bb30px\u00bb header_3_line_height=\u00bb1.4em\u00bb header_4_font=\u00bb|700||on|||||\u00bb header_4_text_color=\u00bb#ffdaa4&#8243; header_4_font_size=\u00bb12px\u00bb header_4_letter_spacing=\u00bb2px\u00bb header_4_line_height=\u00bb2em\u00bb text_line_height_tablet=\u00bb\u00bb text_line_height_phone=\u00bb1.6em\u00bb text_line_height_last_edited=\u00bbon|phone\u00bb header_3_font_size_phone=\u00bb30px\u00bb header_3_font_size_last_edited=\u00bboff|desktop\u00bb locked=\u00bboff\u00bb global_colors_info=\u00bb{}\u00bb]<\/p>\n<h4><span style=\"color: #ff0000;\">Directora de la ugel n\u00b004<\/span><\/h4>\n<h3>Nelly Rufina Cunza Pr\u00edncipe<\/h3>\n<p>Correo: nelly.cunza@ugel04.gob.pe<\/p>\n<p>[\/et_pb_text][\/et_pb_column][et_pb_column type=\u00bb1_3&#8243; _builder_version=\u00bb4.16&#8243; custom_padding=\u00bb|||\u00bb global_colors_info=\u00bb{}\u00bb custom_padding__hover=\u00bb|||\u00bb][\/et_pb_column][\/et_pb_row][et_pb_row column_structure=\u00bb1_3,1_3,1_3&#8243; _builder_version=\u00bb4.16&#8243; locked=\u00bboff\u00bb global_colors_info=\u00bb{}\u00bb][et_pb_column type=\u00bb1_3&#8243; _builder_version=\u00bb4.16&#8243; custom_padding=\u00bb|||\u00bb global_colors_info=\u00bb{}\u00bb custom_padding__hover=\u00bb|||\u00bb][et_pb_image src=\u00bbhttps:\/\/ugel04.gob.pe\/home\/wp-content\/uploads\/2025\/01\/Homero-Tomanguilla.jpeg\u00bb title_text=\u00bbHomero Tomanguilla\u00bb align_tablet=\u00bbcenter\u00bb align_phone=\u00bbcenter\u00bb align_last_edited=\u00bbon|desktop\u00bb _builder_version=\u00bb4.27.4&#8243; background_enable_image=\u00bboff\u00bb background_size=\u00bbcontain\u00bb width=\u00bb65%\u00bb global_colors_info=\u00bb{}\u00bb][\/et_pb_image][\/et_pb_column][et_pb_column type=\u00bb1_3&#8243; _builder_version=\u00bb4.16&#8243; custom_padding=\u00bb|||\u00bb global_colors_info=\u00bb{}\u00bb custom_padding__hover=\u00bb|||\u00bb][et_pb_text _builder_version=\u00bb4.27.4&#8243; text_font=\u00bb||||||||\u00bb text_font_size=\u00bb15px\u00bb text_line_height=\u00bb2em\u00bb header_font=\u00bb||||||||\u00bb header_2_font=\u00bb||||||||\u00bb header_3_font=\u00bbEB Garamond||||||||\u00bb header_3_font_size=\u00bb30px\u00bb header_3_line_height=\u00bb1.4em\u00bb header_4_font=\u00bb|700||on|||||\u00bb header_4_text_color=\u00bb#ffdaa4&#8243; header_4_font_size=\u00bb12px\u00bb header_4_letter_spacing=\u00bb2px\u00bb header_4_line_height=\u00bb2em\u00bb text_line_height_tablet=\u00bb\u00bb text_line_height_phone=\u00bb1.6em\u00bb text_line_height_last_edited=\u00bbon|phone\u00bb header_3_font_size_phone=\u00bb30px\u00bb header_3_font_size_last_edited=\u00bboff|desktop\u00bb locked=\u00bboff\u00bb global_colors_info=\u00bb{}\u00bb]<\/p>\n<h4><span style=\"color: #ff0000;\">Responsable del Equipo de Participaci\u00f3n y Comunicaci\u00f3n<\/span><\/h4>\n<h3>Homero Tomanguilla Reyna<\/h3>\n<p>Correo: homero.tomanguilla@ugel04.gob.pe<\/p>\n<p>[\/et_pb_text][\/et_pb_column][et_pb_column type=\u00bb1_3&#8243; _builder_version=\u00bb4.16&#8243; custom_padding=\u00bb|||\u00bb global_colors_info=\u00bb{}\u00bb custom_padding__hover=\u00bb|||\u00bb][\/et_pb_column][\/et_pb_row][et_pb_row _builder_version=\u00bb4.16&#8243; locked=\u00bboff\u00bb global_colors_info=\u00bb{}\u00bb][et_pb_column type=\u00bb4_4&#8243; _builder_version=\u00bb4.16&#8243; custom_padding=\u00bb|||\u00bb global_colors_info=\u00bb{}\u00bb custom_padding__hover=\u00bb|||\u00bb][et_pb_text _builder_version=\u00bb4.21.0&#8243; text_font=\u00bbEB Garamond|700|||||||\u00bb text_text_color=\u00bbrgba(0,0,0,0.02)\u00bb text_font_size=\u00bb80px\u00bb text_line_height=\u00bb0em\u00bb header_2_font=\u00bbEB Garamond||||||||\u00bb header_2_font_size=\u00bb50px\u00bb header_2_line_height=\u00bb1.3em\u00bb text_orientation=\u00bbcenter\u00bb text_font_size_tablet=\u00bb50px\u00bb text_font_size_phone=\u00bb30px\u00bb text_font_size_last_edited=\u00bbon|desktop\u00bb header_2_font_size_tablet=\u00bb40px\u00bb header_2_font_size_phone=\u00bb30px\u00bb header_2_font_size_last_edited=\u00bbon|phone\u00bb global_colors_info=\u00bb{}\u00bb]<\/p>\n<p>&nbsp;<\/p>\n<h2>\u00d3rgano de Control Institucional<\/h2>\n<p>[\/et_pb_text][\/et_pb_column][\/et_pb_row][et_pb_row column_structure=\u00bb1_3,1_3,1_3&#8243; _builder_version=\u00bb4.16&#8243; locked=\u00bboff\u00bb global_colors_info=\u00bb{}\u00bb][et_pb_column type=\u00bb1_3&#8243; _builder_version=\u00bb4.16&#8243; custom_padding=\u00bb|||\u00bb global_colors_info=\u00bb{}\u00bb custom_padding__hover=\u00bb|||\u00bb][et_pb_image src=\u00bbhttps:\/\/ugel04.gob.pe\/home\/wp-content\/uploads\/2023\/07\/hombre.jpg\u00bb title_text=\u00bbhombre\u00bb align_tablet=\u00bbcenter\u00bb align_phone=\u00bbcenter\u00bb align_last_edited=\u00bbon|desktop\u00bb _builder_version=\u00bb4.21.0&#8243; global_colors_info=\u00bb{}\u00bb][\/et_pb_image][\/et_pb_column][et_pb_column type=\u00bb1_3&#8243; _builder_version=\u00bb4.16&#8243; custom_padding=\u00bb|||\u00bb global_colors_info=\u00bb{}\u00bb custom_padding__hover=\u00bb|||\u00bb][et_pb_text _builder_version=\u00bb4.27.4&#8243; text_font=\u00bb||||||||\u00bb text_font_size=\u00bb15px\u00bb text_line_height=\u00bb2em\u00bb header_font=\u00bb||||||||\u00bb header_2_font=\u00bb||||||||\u00bb header_3_font=\u00bbEB Garamond||||||||\u00bb header_3_font_size=\u00bb30px\u00bb header_3_line_height=\u00bb1.4em\u00bb header_4_font=\u00bb|700||on|||||\u00bb header_4_text_color=\u00bb#ffdaa4&#8243; header_4_font_size=\u00bb12px\u00bb header_4_letter_spacing=\u00bb2px\u00bb header_4_line_height=\u00bb2em\u00bb text_line_height_tablet=\u00bb\u00bb text_line_height_phone=\u00bb1.6em\u00bb text_line_height_last_edited=\u00bbon|phone\u00bb header_3_font_size_phone=\u00bb30px\u00bb header_3_font_size_last_edited=\u00bboff|desktop\u00bb locked=\u00bboff\u00bb global_colors_info=\u00bb{}\u00bb]<\/p>\n<h4><span style=\"color: #ff0000;\">Jefe del \u00d3rgano de Control Institucional<\/span><\/h4>\n<h3>Reimunda Sonia Zorrilla Coz<\/h3>\n<p>Correo: sonia.zorrilla@ugel04.gob.pe<\/p>\n<p>[\/et_pb_text][\/et_pb_column][et_pb_column type=\u00bb1_3&#8243; _builder_version=\u00bb4.16&#8243; custom_padding=\u00bb|||\u00bb global_colors_info=\u00bb{}\u00bb custom_padding__hover=\u00bb|||\u00bb][\/et_pb_column][\/et_pb_row][et_pb_row _builder_version=\u00bb4.16&#8243; locked=\u00bboff\u00bb global_colors_info=\u00bb{}\u00bb][et_pb_column type=\u00bb4_4&#8243; _builder_version=\u00bb4.16&#8243; custom_padding=\u00bb|||\u00bb global_colors_info=\u00bb{}\u00bb custom_padding__hover=\u00bb|||\u00bb][et_pb_text _builder_version=\u00bb4.21.0&#8243; text_font=\u00bbEB Garamond|700|||||||\u00bb text_text_color=\u00bbrgba(0,0,0,0.02)\u00bb text_font_size=\u00bb80px\u00bb text_line_height=\u00bb0em\u00bb header_2_font=\u00bbEB Garamond||||||||\u00bb header_2_font_size=\u00bb50px\u00bb header_2_line_height=\u00bb1.3em\u00bb text_orientation=\u00bbcenter\u00bb text_font_size_tablet=\u00bb50px\u00bb text_font_size_phone=\u00bb30px\u00bb text_font_size_last_edited=\u00bbon|desktop\u00bb header_2_font_size_tablet=\u00bb40px\u00bb header_2_font_size_phone=\u00bb30px\u00bb header_2_font_size_last_edited=\u00bbon|phone\u00bb global_colors_info=\u00bb{}\u00bb]<\/p>\n<p>&nbsp;<\/p>\n<h2>\u00c1rea de Asesor\u00eda Jur\u00eddica<\/h2>\n<p>[\/et_pb_text][\/et_pb_column][\/et_pb_row][et_pb_row column_structure=\u00bb1_3,1_3,1_3&#8243; _builder_version=\u00bb4.16&#8243; locked=\u00bboff\u00bb global_colors_info=\u00bb{}\u00bb][et_pb_column type=\u00bb1_3&#8243; _builder_version=\u00bb4.16&#8243; custom_padding=\u00bb|||\u00bb global_colors_info=\u00bb{}\u00bb custom_padding__hover=\u00bb|||\u00bb][et_pb_image src=\u00bbhttps:\/\/ugel04.gob.pe\/home\/wp-content\/uploads\/2025\/06\/1750187785EAZL-ADOLFO-QUISPICHUCO.jpg\u00bb title_text=\u00bb1750187785EAZL-ADOLFO-QUISPICHUCO\u00bb align_tablet=\u00bbcenter\u00bb align_phone=\u00bbcenter\u00bb align_last_edited=\u00bbon|desktop\u00bb _builder_version=\u00bb4.27.4&#8243; width=\u00bb65%\u00bb global_colors_info=\u00bb{}\u00bb][\/et_pb_image][\/et_pb_column][et_pb_column type=\u00bb1_3&#8243; _builder_version=\u00bb4.16&#8243; custom_padding=\u00bb|||\u00bb global_colors_info=\u00bb{}\u00bb custom_padding__hover=\u00bb|||\u00bb][et_pb_text _builder_version=\u00bb4.27.4&#8243; text_font=\u00bb||||||||\u00bb text_font_size=\u00bb15px\u00bb text_line_height=\u00bb2em\u00bb header_font=\u00bb||||||||\u00bb header_2_font=\u00bb||||||||\u00bb header_3_font=\u00bbEB Garamond||||||||\u00bb header_3_font_size=\u00bb30px\u00bb header_3_line_height=\u00bb1.4em\u00bb header_4_font=\u00bb|700||on|||||\u00bb header_4_text_color=\u00bb#ffdaa4&#8243; header_4_font_size=\u00bb12px\u00bb header_4_letter_spacing=\u00bb2px\u00bb header_4_line_height=\u00bb2em\u00bb text_line_height_tablet=\u00bb\u00bb text_line_height_phone=\u00bb1.6em\u00bb text_line_height_last_edited=\u00bbon|phone\u00bb header_3_font_size_phone=\u00bb30px\u00bb header_3_font_size_last_edited=\u00bboff|desktop\u00bb locked=\u00bboff\u00bb global_colors_info=\u00bb{}\u00bb]<\/p>\n<h4><span style=\"color: #ff0000;\">Jefe del \u00c1rea de Asesor\u00eda Jur\u00eddica<\/span><\/h4>\n<h3>Jes\u00fas Adolfo Quispichuco Taico<\/h3>\n<p>Correo: jesus.quispichuco@ugel04.gob.pe<\/p>\n<p>[\/et_pb_text][\/et_pb_column][et_pb_column type=\u00bb1_3&#8243; _builder_version=\u00bb4.16&#8243; custom_padding=\u00bb|||\u00bb global_colors_info=\u00bb{}\u00bb custom_padding__hover=\u00bb|||\u00bb][\/et_pb_column][\/et_pb_row][et_pb_row _builder_version=\u00bb4.16&#8243; locked=\u00bboff\u00bb global_colors_info=\u00bb{}\u00bb][et_pb_column type=\u00bb4_4&#8243; _builder_version=\u00bb4.16&#8243; custom_padding=\u00bb|||\u00bb global_colors_info=\u00bb{}\u00bb custom_padding__hover=\u00bb|||\u00bb][et_pb_text _builder_version=\u00bb4.21.0&#8243; text_font=\u00bbEB Garamond|700|||||||\u00bb text_text_color=\u00bbrgba(0,0,0,0.02)\u00bb text_font_size=\u00bb80px\u00bb text_line_height=\u00bb0em\u00bb header_2_font=\u00bbEB Garamond||||||||\u00bb header_2_font_size=\u00bb50px\u00bb header_2_line_height=\u00bb1.3em\u00bb text_orientation=\u00bbcenter\u00bb text_font_size_tablet=\u00bb50px\u00bb text_font_size_phone=\u00bb30px\u00bb text_font_size_last_edited=\u00bbon|desktop\u00bb header_2_font_size_tablet=\u00bb40px\u00bb header_2_font_size_phone=\u00bb30px\u00bb header_2_font_size_last_edited=\u00bbon|phone\u00bb global_colors_info=\u00bb{}\u00bb]<\/p>\n<p>&nbsp;<\/p>\n<h2>\u00c1rea de Planificaci\u00f3n y Presupuesto<\/h2>\n<p>[\/et_pb_text][\/et_pb_column][\/et_pb_row][et_pb_row column_structure=\u00bb1_3,1_3,1_3&#8243; _builder_version=\u00bb4.16&#8243; locked=\u00bboff\u00bb global_colors_info=\u00bb{}\u00bb][et_pb_column type=\u00bb1_3&#8243; _builder_version=\u00bb4.16&#8243; custom_padding=\u00bb|||\u00bb global_colors_info=\u00bb{}\u00bb custom_padding__hover=\u00bb|||\u00bb][et_pb_image src=\u00bbhttps:\/\/ugel04.gob.pe\/home\/wp-content\/uploads\/2025\/06\/1750187798CMYP-JESUS-BAQUERIZO.jpg\u00bb title_text=\u00bb1750187798CMYP-JESUS-BAQUERIZO\u00bb align_tablet=\u00bbcenter\u00bb align_phone=\u00bbcenter\u00bb align_last_edited=\u00bbon|desktop\u00bb _builder_version=\u00bb4.27.4&#8243; width=\u00bb65%\u00bb global_colors_info=\u00bb{}\u00bb][\/et_pb_image][\/et_pb_column][et_pb_column type=\u00bb1_3&#8243; _builder_version=\u00bb4.16&#8243; custom_padding=\u00bb|||\u00bb global_colors_info=\u00bb{}\u00bb custom_padding__hover=\u00bb|||\u00bb][et_pb_text _builder_version=\u00bb4.27.4&#8243; text_font=\u00bb||||||||\u00bb text_font_size=\u00bb15px\u00bb text_line_height=\u00bb2em\u00bb header_font=\u00bb||||||||\u00bb header_2_font=\u00bb||||||||\u00bb header_3_font=\u00bbEB Garamond||||||||\u00bb header_3_font_size=\u00bb30px\u00bb header_3_line_height=\u00bb1.4em\u00bb header_4_font=\u00bb|700||on|||||\u00bb header_4_text_color=\u00bb#ffdaa4&#8243; header_4_font_size=\u00bb12px\u00bb header_4_letter_spacing=\u00bb2px\u00bb header_4_line_height=\u00bb2em\u00bb text_line_height_tablet=\u00bb\u00bb text_line_height_phone=\u00bb1.6em\u00bb text_line_height_last_edited=\u00bbon|phone\u00bb header_3_font_size_phone=\u00bb30px\u00bb header_3_font_size_last_edited=\u00bboff|desktop\u00bb locked=\u00bboff\u00bb global_colors_info=\u00bb{}\u00bb]<\/p>\n<h4><span style=\"color: #ff0000;\">Jefe del \u00c1rea de Planificaci\u00f3n y Presupuesto<\/span><\/h4>\n<h3>Jes\u00fas Amadeo Baquerizo Aliaga<\/h3>\n<p>Correo: jesus.baquerizo@ugel04.gob.pe<\/p>\n<p>[\/et_pb_text][\/et_pb_column][et_pb_column type=\u00bb1_3&#8243; _builder_version=\u00bb4.16&#8243; custom_padding=\u00bb|||\u00bb global_colors_info=\u00bb{}\u00bb custom_padding__hover=\u00bb|||\u00bb][\/et_pb_column][\/et_pb_row][et_pb_row column_structure=\u00bb1_3,1_3,1_3&#8243; _builder_version=\u00bb4.16&#8243; locked=\u00bboff\u00bb global_colors_info=\u00bb{}\u00bb][et_pb_column type=\u00bb1_3&#8243; _builder_version=\u00bb4.16&#8243; custom_padding=\u00bb|||\u00bb global_colors_info=\u00bb{}\u00bb custom_padding__hover=\u00bb|||\u00bb][et_pb_image src=\u00bbhttps:\/\/ugel04.gob.pe\/home\/wp-content\/uploads\/2023\/07\/Hernandez.jpg\u00bb title_text=\u00bbHernandez\u00bb align_tablet=\u00bbcenter\u00bb align_phone=\u00bbcenter\u00bb align_last_edited=\u00bbon|desktop\u00bb _builder_version=\u00bb4.21.0&#8243; global_colors_info=\u00bb{}\u00bb][\/et_pb_image][\/et_pb_column][et_pb_column type=\u00bb1_3&#8243; _builder_version=\u00bb4.16&#8243; custom_padding=\u00bb|||\u00bb global_colors_info=\u00bb{}\u00bb custom_padding__hover=\u00bb|||\u00bb][et_pb_text _builder_version=\u00bb4.27.4&#8243; text_font=\u00bb||||||||\u00bb text_font_size=\u00bb15px\u00bb text_line_height=\u00bb2em\u00bb header_font=\u00bb||||||||\u00bb header_2_font=\u00bb||||||||\u00bb header_3_font=\u00bbEB Garamond||||||||\u00bb header_3_font_size=\u00bb30px\u00bb header_3_line_height=\u00bb1.4em\u00bb header_4_font=\u00bb|700||on|||||\u00bb header_4_text_color=\u00bb#ffdaa4&#8243; header_4_font_size=\u00bb12px\u00bb header_4_letter_spacing=\u00bb2px\u00bb header_4_line_height=\u00bb2em\u00bb text_line_height_tablet=\u00bb\u00bb text_line_height_phone=\u00bb1.6em\u00bb text_line_height_last_edited=\u00bbon|phone\u00bb header_3_font_size_phone=\u00bb30px\u00bb header_3_font_size_last_edited=\u00bboff|desktop\u00bb locked=\u00bboff\u00bb global_colors_info=\u00bb{}\u00bb]<\/p>\n<h4><span style=\"color: #ff0000;\">Responsable del Equipo de Tecnolog\u00edas de la Informaci\u00f3n<\/span><\/h4>\n<h3>Carlos C\u00e9sar Hern\u00e1ndez Chuquipoma<\/h3>\n<p>Correo: carlos.hernandez@ugel04.gob.pe<\/p>\n<p>[\/et_pb_text][\/et_pb_column][et_pb_column type=\u00bb1_3&#8243; _builder_version=\u00bb4.16&#8243; custom_padding=\u00bb|||\u00bb global_colors_info=\u00bb{}\u00bb custom_padding__hover=\u00bb|||\u00bb][\/et_pb_column][\/et_pb_row][et_pb_row column_structure=\u00bb1_3,1_3,1_3&#8243; _builder_version=\u00bb4.16&#8243; locked=\u00bboff\u00bb global_colors_info=\u00bb{}\u00bb][et_pb_column type=\u00bb1_3&#8243; _builder_version=\u00bb4.16&#8243; custom_padding=\u00bb|||\u00bb global_colors_info=\u00bb{}\u00bb custom_padding__hover=\u00bb|||\u00bb][et_pb_image src=\u00bbhttps:\/\/ugel04.gob.pe\/home\/wp-content\/uploads\/2025\/01\/Ana-Ulloa.jpeg\u00bb title_text=\u00bbAna Ulloa\u00bb align_tablet=\u00bbcenter\u00bb align_phone=\u00bbcenter\u00bb align_last_edited=\u00bbon|desktop\u00bb _builder_version=\u00bb4.27.4&#8243; width=\u00bb65%\u00bb global_colors_info=\u00bb{}\u00bb][\/et_pb_image][\/et_pb_column][et_pb_column type=\u00bb1_3&#8243; _builder_version=\u00bb4.16&#8243; custom_padding=\u00bb|||\u00bb global_colors_info=\u00bb{}\u00bb custom_padding__hover=\u00bb|||\u00bb][et_pb_text _builder_version=\u00bb4.27.4&#8243; text_font=\u00bb||||||||\u00bb text_font_size=\u00bb15px\u00bb text_line_height=\u00bb2em\u00bb header_font=\u00bb||||||||\u00bb header_2_font=\u00bb||||||||\u00bb header_3_font=\u00bbEB Garamond||||||||\u00bb header_3_font_size=\u00bb30px\u00bb header_3_line_height=\u00bb1.4em\u00bb header_4_font=\u00bb|700||on|||||\u00bb header_4_text_color=\u00bb#ffdaa4&#8243; header_4_font_size=\u00bb12px\u00bb header_4_letter_spacing=\u00bb2px\u00bb header_4_line_height=\u00bb2em\u00bb text_line_height_tablet=\u00bb\u00bb text_line_height_phone=\u00bb1.6em\u00bb text_line_height_last_edited=\u00bbon|phone\u00bb header_3_font_size_phone=\u00bb30px\u00bb header_3_font_size_last_edited=\u00bboff|desktop\u00bb locked=\u00bboff\u00bb global_colors_info=\u00bb{}\u00bb]<\/p>\n<h4><span style=\"color: #ff0000;\">Responsable del Equipo de Racionalizaci\u00f3n y Mejora Continua<\/span><\/h4>\n<h3>Ana Bertha Ulloa Sigue\u00f1as<\/h3>\n<p>Correo: ana.ulloa@ugel04.gob.pe<\/p>\n<p>[\/et_pb_text][\/et_pb_column][et_pb_column type=\u00bb1_3&#8243; _builder_version=\u00bb4.16&#8243; custom_padding=\u00bb|||\u00bb global_colors_info=\u00bb{}\u00bb custom_padding__hover=\u00bb|||\u00bb][\/et_pb_column][\/et_pb_row][et_pb_row column_structure=\u00bb1_3,1_3,1_3&#8243; _builder_version=\u00bb4.16&#8243; locked=\u00bboff\u00bb global_colors_info=\u00bb{}\u00bb][et_pb_column type=\u00bb1_3&#8243; _builder_version=\u00bb4.16&#8243; custom_padding=\u00bb|||\u00bb global_colors_info=\u00bb{}\u00bb custom_padding__hover=\u00bb|||\u00bb][et_pb_image src=\u00bbhttps:\/\/ugel04.gob.pe\/home\/wp-content\/uploads\/2025\/01\/Anderson-Gaytan-Castro.jpeg\u00bb title_text=\u00bbAnderson Gaytan Castro\u00bb align_tablet=\u00bbcenter\u00bb align_phone=\u00bbcenter\u00bb align_last_edited=\u00bbon|desktop\u00bb _builder_version=\u00bb4.27.4&#8243; width=\u00bb65%\u00bb global_colors_info=\u00bb{}\u00bb][\/et_pb_image][\/et_pb_column][et_pb_column type=\u00bb1_3&#8243; _builder_version=\u00bb4.16&#8243; custom_padding=\u00bb|||\u00bb global_colors_info=\u00bb{}\u00bb custom_padding__hover=\u00bb|||\u00bb][et_pb_text _builder_version=\u00bb4.27.4&#8243; text_font=\u00bb||||||||\u00bb text_font_size=\u00bb15px\u00bb text_line_height=\u00bb2em\u00bb header_font=\u00bb||||||||\u00bb header_2_font=\u00bb||||||||\u00bb header_3_font=\u00bbEB Garamond||||||||\u00bb header_3_font_size=\u00bb30px\u00bb header_3_line_height=\u00bb1.4em\u00bb header_4_font=\u00bb|700||on|||||\u00bb header_4_text_color=\u00bb#ffdaa4&#8243; header_4_font_size=\u00bb12px\u00bb header_4_letter_spacing=\u00bb2px\u00bb header_4_line_height=\u00bb2em\u00bb text_line_height_tablet=\u00bb\u00bb text_line_height_phone=\u00bb1.6em\u00bb text_line_height_last_edited=\u00bbon|phone\u00bb header_3_font_size_phone=\u00bb30px\u00bb header_3_font_size_last_edited=\u00bboff|desktop\u00bb locked=\u00bboff\u00bb global_colors_info=\u00bb{}\u00bb]<\/p>\n<h4><span style=\"color: #ff0000;\">Responsable del Equipo de Proyectos de Inversi\u00f3n<\/span><\/h4>\n<h3>Anderson Yogeiro Gayt\u00e1n Castro<\/h3>\n<p>Correo: anderson.gaytan@ugel04.gob.pe<\/p>\n<p>[\/et_pb_text][\/et_pb_column][et_pb_column type=\u00bb1_3&#8243; _builder_version=\u00bb4.16&#8243; custom_padding=\u00bb|||\u00bb global_colors_info=\u00bb{}\u00bb custom_padding__hover=\u00bb|||\u00bb][\/et_pb_column][\/et_pb_row][et_pb_row column_structure=\u00bb1_3,1_3,1_3&#8243; _builder_version=\u00bb4.16&#8243; locked=\u00bboff\u00bb global_colors_info=\u00bb{}\u00bb][et_pb_column type=\u00bb1_3&#8243; _builder_version=\u00bb4.16&#8243; custom_padding=\u00bb|||\u00bb global_colors_info=\u00bb{}\u00bb custom_padding__hover=\u00bb|||\u00bb][et_pb_image src=\u00bbhttps:\/\/ugel04.gob.pe\/home\/wp-content\/uploads\/2025\/01\/Lily-Vallas.jpeg\u00bb title_text=\u00bbLily Vallas\u00bb align_tablet=\u00bbcenter\u00bb align_phone=\u00bbcenter\u00bb align_last_edited=\u00bbon|desktop\u00bb _builder_version=\u00bb4.27.4&#8243; width=\u00bb65%\u00bb global_colors_info=\u00bb{}\u00bb][\/et_pb_image][\/et_pb_column][et_pb_column type=\u00bb1_3&#8243; _builder_version=\u00bb4.16&#8243; custom_padding=\u00bb|||\u00bb global_colors_info=\u00bb{}\u00bb custom_padding__hover=\u00bb|||\u00bb][et_pb_text _builder_version=\u00bb4.27.4&#8243; text_font=\u00bb||||||||\u00bb text_font_size=\u00bb15px\u00bb text_line_height=\u00bb2em\u00bb header_font=\u00bb||||||||\u00bb header_2_font=\u00bb||||||||\u00bb header_3_font=\u00bbEB Garamond||||||||\u00bb header_3_font_size=\u00bb30px\u00bb header_3_line_height=\u00bb1.4em\u00bb header_4_font=\u00bb|700||on|||||\u00bb header_4_text_color=\u00bb#ffdaa4&#8243; header_4_font_size=\u00bb12px\u00bb header_4_letter_spacing=\u00bb2px\u00bb header_4_line_height=\u00bb2em\u00bb text_line_height_tablet=\u00bb\u00bb text_line_height_phone=\u00bb1.6em\u00bb text_line_height_last_edited=\u00bbon|phone\u00bb header_3_font_size_phone=\u00bb30px\u00bb header_3_font_size_last_edited=\u00bboff|desktop\u00bb locked=\u00bboff\u00bb global_colors_info=\u00bb{}\u00bb]<\/p>\n<h4><span style=\"color: #ff0000;\">Responsable del Equipo de Planeamiento y Presupuesto<\/span><\/h4>\n<h3>Lilly Ana Vallas Nizama<\/h3>\n<p>Correo: lilly.vallas@ugel04.gob.pe<\/p>\n<p>[\/et_pb_text][\/et_pb_column][et_pb_column type=\u00bb1_3&#8243; _builder_version=\u00bb4.16&#8243; custom_padding=\u00bb|||\u00bb global_colors_info=\u00bb{}\u00bb custom_padding__hover=\u00bb|||\u00bb][\/et_pb_column][\/et_pb_row][et_pb_row column_structure=\u00bb1_3,1_3,1_3&#8243; _builder_version=\u00bb4.16&#8243; locked=\u00bboff\u00bb global_colors_info=\u00bb{}\u00bb][et_pb_column type=\u00bb1_3&#8243; _builder_version=\u00bb4.16&#8243; custom_padding=\u00bb|||\u00bb global_colors_info=\u00bb{}\u00bb custom_padding__hover=\u00bb|||\u00bb][et_pb_image src=\u00bbhttps:\/\/ugel04.gob.pe\/home\/wp-content\/uploads\/2025\/01\/Hellen-Vila.jpeg\u00bb title_text=\u00bbHellen Vila\u00bb align_tablet=\u00bbcenter\u00bb align_phone=\u00bbcenter\u00bb align_last_edited=\u00bbon|desktop\u00bb _builder_version=\u00bb4.27.4&#8243; width=\u00bb65%\u00bb global_colors_info=\u00bb{}\u00bb][\/et_pb_image][\/et_pb_column][et_pb_column type=\u00bb1_3&#8243; _builder_version=\u00bb4.16&#8243; custom_padding=\u00bb|||\u00bb global_colors_info=\u00bb{}\u00bb custom_padding__hover=\u00bb|||\u00bb][et_pb_text _builder_version=\u00bb4.27.4&#8243; text_font=\u00bb||||||||\u00bb text_font_size=\u00bb15px\u00bb text_line_height=\u00bb2em\u00bb header_font=\u00bb||||||||\u00bb header_2_font=\u00bb||||||||\u00bb header_3_font=\u00bbEB Garamond||||||||\u00bb header_3_font_size=\u00bb30px\u00bb header_3_line_height=\u00bb1.4em\u00bb header_4_font=\u00bb|700||on|||||\u00bb header_4_text_color=\u00bb#ffdaa4&#8243; header_4_font_size=\u00bb12px\u00bb header_4_letter_spacing=\u00bb2px\u00bb header_4_line_height=\u00bb2em\u00bb text_line_height_tablet=\u00bb\u00bb text_line_height_phone=\u00bb1.6em\u00bb text_line_height_last_edited=\u00bbon|phone\u00bb header_3_font_size_phone=\u00bb30px\u00bb header_3_font_size_last_edited=\u00bboff|desktop\u00bb locked=\u00bboff\u00bb global_colors_info=\u00bb{}\u00bb]<\/p>\n<h4><span style=\"color: #ff0000;\">Responsable del Equipo de Estad\u00edstica y Monitoreo<\/span><\/h4>\n<h3>Helen Kaarol Vila S\u00e1nchez<\/h3>\n<p>Correo: helen.vila@ugel04.gob.pe<\/p>\n<p>[\/et_pb_text][\/et_pb_column][et_pb_column type=\u00bb1_3&#8243; _builder_version=\u00bb4.16&#8243; custom_padding=\u00bb|||\u00bb global_colors_info=\u00bb{}\u00bb custom_padding__hover=\u00bb|||\u00bb][\/et_pb_column][\/et_pb_row][et_pb_row _builder_version=\u00bb4.16&#8243; locked=\u00bboff\u00bb global_colors_info=\u00bb{}\u00bb][et_pb_column type=\u00bb4_4&#8243; _builder_version=\u00bb4.16&#8243; custom_padding=\u00bb|||\u00bb global_colors_info=\u00bb{}\u00bb custom_padding__hover=\u00bb|||\u00bb][et_pb_text _builder_version=\u00bb4.21.0&#8243; text_font=\u00bbEB Garamond|700|||||||\u00bb text_text_color=\u00bbrgba(0,0,0,0.02)\u00bb text_font_size=\u00bb80px\u00bb text_line_height=\u00bb0em\u00bb header_2_font=\u00bbEB Garamond||||||||\u00bb header_2_font_size=\u00bb50px\u00bb header_2_line_height=\u00bb1.3em\u00bb text_orientation=\u00bbcenter\u00bb text_font_size_tablet=\u00bb50px\u00bb text_font_size_phone=\u00bb30px\u00bb text_font_size_last_edited=\u00bbon|desktop\u00bb header_2_font_size_tablet=\u00bb40px\u00bb header_2_font_size_phone=\u00bb30px\u00bb header_2_font_size_last_edited=\u00bbon|phone\u00bb global_colors_info=\u00bb{}\u00bb]<\/p>\n<p>&nbsp;<\/p>\n<h2>\u00c1rea de Administraci\u00f3n<\/h2>\n<p>[\/et_pb_text][\/et_pb_column][\/et_pb_row][et_pb_row column_structure=\u00bb1_3,1_3,1_3&#8243; _builder_version=\u00bb4.16&#8243; locked=\u00bboff\u00bb global_colors_info=\u00bb{}\u00bb][et_pb_column type=\u00bb1_3&#8243; _builder_version=\u00bb4.16&#8243; custom_padding=\u00bb|||\u00bb global_colors_info=\u00bb{}\u00bb custom_padding__hover=\u00bb|||\u00bb][et_pb_image src=\u00bbhttps:\/\/ugel04.gob.pe\/home\/wp-content\/uploads\/2025\/06\/1750187798CMYP-JESUS-BAQUERIZO.jpg\u00bb title_text=\u00bb1750187798CMYP-JESUS-BAQUERIZO\u00bb align_tablet=\u00bbcenter\u00bb align_phone=\u00bbcenter\u00bb align_last_edited=\u00bbon|desktop\u00bb _builder_version=\u00bb4.27.4&#8243; width=\u00bb65%\u00bb global_colors_info=\u00bb{}\u00bb][\/et_pb_image][\/et_pb_column][et_pb_column type=\u00bb1_3&#8243; _builder_version=\u00bb4.16&#8243; custom_padding=\u00bb|||\u00bb global_colors_info=\u00bb{}\u00bb custom_padding__hover=\u00bb|||\u00bb][et_pb_text _builder_version=\u00bb4.27.4&#8243; text_font=\u00bb||||||||\u00bb text_font_size=\u00bb15px\u00bb text_line_height=\u00bb2em\u00bb header_font=\u00bb||||||||\u00bb header_2_font=\u00bb||||||||\u00bb header_3_font=\u00bbEB Garamond||||||||\u00bb header_3_font_size=\u00bb30px\u00bb header_3_line_height=\u00bb1.4em\u00bb header_4_font=\u00bb|700||on|||||\u00bb header_4_text_color=\u00bb#ffdaa4&#8243; header_4_font_size=\u00bb12px\u00bb header_4_letter_spacing=\u00bb2px\u00bb header_4_line_height=\u00bb2em\u00bb text_line_height_tablet=\u00bb\u00bb text_line_height_phone=\u00bb1.6em\u00bb text_line_height_last_edited=\u00bbon|phone\u00bb header_3_font_size_phone=\u00bb30px\u00bb header_3_font_size_last_edited=\u00bboff|desktop\u00bb locked=\u00bboff\u00bb global_colors_info=\u00bb{}\u00bb]<\/p>\n<h4><span style=\"color: #ff0000;\">Jefe (e) del \u00c1rea de Administraci\u00f3n<\/span><\/h4>\n<h3>Jes\u00fas Amadeo Baquerizo Aliaga<\/h3>\n<p>Correo: jesus.baquerizo@ugel04.gob.pe<\/p>\n<p>[\/et_pb_text][\/et_pb_column][et_pb_column type=\u00bb1_3&#8243; _builder_version=\u00bb4.16&#8243; custom_padding=\u00bb|||\u00bb global_colors_info=\u00bb{}\u00bb custom_padding__hover=\u00bb|||\u00bb][\/et_pb_column][\/et_pb_row][et_pb_row column_structure=\u00bb1_3,1_3,1_3&#8243; _builder_version=\u00bb4.16&#8243; locked=\u00bboff\u00bb global_colors_info=\u00bb{}\u00bb][et_pb_column type=\u00bb1_3&#8243; _builder_version=\u00bb4.16&#8243; custom_padding=\u00bb|||\u00bb global_colors_info=\u00bb{}\u00bb custom_padding__hover=\u00bb|||\u00bb][et_pb_image src=\u00bbhttps:\/\/ugel04.gob.pe\/home\/wp-content\/uploads\/2025\/01\/David-Ronceros.jpeg\u00bb title_text=\u00bbDavid Ronceros\u00bb align_tablet=\u00bbcenter\u00bb align_phone=\u00bbcenter\u00bb align_last_edited=\u00bbon|desktop\u00bb _builder_version=\u00bb4.27.4&#8243; width=\u00bb65%\u00bb global_colors_info=\u00bb{}\u00bb][\/et_pb_image][\/et_pb_column][et_pb_column type=\u00bb1_3&#8243; _builder_version=\u00bb4.16&#8243; custom_padding=\u00bb|||\u00bb global_colors_info=\u00bb{}\u00bb custom_padding__hover=\u00bb|||\u00bb][et_pb_text _builder_version=\u00bb4.27.4&#8243; text_font=\u00bb||||||||\u00bb text_font_size=\u00bb15px\u00bb text_line_height=\u00bb2em\u00bb header_font=\u00bb||||||||\u00bb header_2_font=\u00bb||||||||\u00bb header_3_font=\u00bbEB Garamond||||||||\u00bb header_3_font_size=\u00bb30px\u00bb header_3_line_height=\u00bb1.4em\u00bb header_4_font=\u00bb|700||on|||||\u00bb header_4_text_color=\u00bb#ffdaa4&#8243; header_4_font_size=\u00bb12px\u00bb header_4_letter_spacing=\u00bb2px\u00bb header_4_line_height=\u00bb2em\u00bb text_line_height_tablet=\u00bb\u00bb text_line_height_phone=\u00bb1.6em\u00bb text_line_height_last_edited=\u00bbon|phone\u00bb header_3_font_size_phone=\u00bb30px\u00bb header_3_font_size_last_edited=\u00bboff|desktop\u00bb locked=\u00bboff\u00bb global_colors_info=\u00bb{}\u00bb]<\/p>\n<h4><span style=\"color: #ff0000;\">Responsable del Equipo de CONTABILIDAD<\/span><\/h4>\n<h3>David Abraham Ronceros Uribe<\/h3>\n<p>Correo: david.ronceros@ugel04.gob.pe<\/p>\n<p>[\/et_pb_text][\/et_pb_column][et_pb_column type=\u00bb1_3&#8243; _builder_version=\u00bb4.16&#8243; custom_padding=\u00bb|||\u00bb global_colors_info=\u00bb{}\u00bb custom_padding__hover=\u00bb|||\u00bb][\/et_pb_column][\/et_pb_row][et_pb_row column_structure=\u00bb1_3,1_3,1_3&#8243; _builder_version=\u00bb4.16&#8243; locked=\u00bboff\u00bb global_colors_info=\u00bb{}\u00bb][et_pb_column type=\u00bb1_3&#8243; _builder_version=\u00bb4.16&#8243; custom_padding=\u00bb|||\u00bb global_colors_info=\u00bb{}\u00bb custom_padding__hover=\u00bb|||\u00bb][et_pb_image src=\u00bbhttps:\/\/ugel04.gob.pe\/home\/wp-content\/uploads\/2025\/01\/Diana-Pasquel-Lazaro.jpeg\u00bb title_text=\u00bbDiana Pasquel L\u00e1zaro\u00bb align_tablet=\u00bbcenter\u00bb align_phone=\u00bbcenter\u00bb align_last_edited=\u00bbon|desktop\u00bb _builder_version=\u00bb4.27.4&#8243; width=\u00bb65%\u00bb global_colors_info=\u00bb{}\u00bb][\/et_pb_image][\/et_pb_column][et_pb_column type=\u00bb1_3&#8243; _builder_version=\u00bb4.16&#8243; custom_padding=\u00bb|||\u00bb global_colors_info=\u00bb{}\u00bb custom_padding__hover=\u00bb|||\u00bb][et_pb_text _builder_version=\u00bb4.27.4&#8243; text_font=\u00bb||||||||\u00bb text_font_size=\u00bb15px\u00bb text_line_height=\u00bb2em\u00bb header_font=\u00bb||||||||\u00bb header_2_font=\u00bb||||||||\u00bb header_3_font=\u00bbEB Garamond||||||||\u00bb header_3_font_size=\u00bb30px\u00bb header_3_line_height=\u00bb1.4em\u00bb header_4_font=\u00bb|700||on|||||\u00bb header_4_text_color=\u00bb#ffdaa4&#8243; header_4_font_size=\u00bb12px\u00bb header_4_letter_spacing=\u00bb2px\u00bb header_4_line_height=\u00bb2em\u00bb text_line_height_tablet=\u00bb\u00bb text_line_height_phone=\u00bb1.6em\u00bb text_line_height_last_edited=\u00bbon|phone\u00bb header_3_font_size_phone=\u00bb30px\u00bb header_3_font_size_last_edited=\u00bboff|desktop\u00bb locked=\u00bboff\u00bb global_colors_info=\u00bb{}\u00bb]<\/p>\n<h4><span style=\"color: #ff0000;\">Responsable del Equipo de Tesoreria<\/span><\/h4>\n<h3>Diana Mery Pasquel L\u00e1zaro<\/h3>\n<p>Correo: diana.pasquel@ugel04.gob.pe<\/p>\n<p>[\/et_pb_text][\/et_pb_column][et_pb_column type=\u00bb1_3&#8243; _builder_version=\u00bb4.16&#8243; custom_padding=\u00bb|||\u00bb global_colors_info=\u00bb{}\u00bb custom_padding__hover=\u00bb|||\u00bb][\/et_pb_column][\/et_pb_row][et_pb_row column_structure=\u00bb1_3,1_3,1_3&#8243; _builder_version=\u00bb4.16&#8243; locked=\u00bboff\u00bb global_colors_info=\u00bb{}\u00bb][et_pb_column type=\u00bb1_3&#8243; _builder_version=\u00bb4.16&#8243; custom_padding=\u00bb|||\u00bb global_colors_info=\u00bb{}\u00bb custom_padding__hover=\u00bb|||\u00bb][et_pb_image src=\u00bbhttps:\/\/ugel04.gob.pe\/home\/wp-content\/uploads\/2025\/01\/Carla-Vidal.jpeg\u00bb title_text=\u00bbCarla Vidal\u00bb align_tablet=\u00bbcenter\u00bb align_phone=\u00bbcenter\u00bb align_last_edited=\u00bbon|desktop\u00bb _builder_version=\u00bb4.27.4&#8243; width=\u00bb65%\u00bb global_colors_info=\u00bb{}\u00bb][\/et_pb_image][\/et_pb_column][et_pb_column type=\u00bb1_3&#8243; _builder_version=\u00bb4.16&#8243; custom_padding=\u00bb|||\u00bb global_colors_info=\u00bb{}\u00bb custom_padding__hover=\u00bb|||\u00bb][et_pb_text _builder_version=\u00bb4.27.4&#8243; text_font=\u00bb||||||||\u00bb text_font_size=\u00bb15px\u00bb text_line_height=\u00bb2em\u00bb header_font=\u00bb||||||||\u00bb header_2_font=\u00bb||||||||\u00bb header_3_font=\u00bbEB Garamond||||||||\u00bb header_3_font_size=\u00bb30px\u00bb header_3_line_height=\u00bb1.4em\u00bb header_4_font=\u00bb|700||on|||||\u00bb header_4_text_color=\u00bb#ffdaa4&#8243; header_4_font_size=\u00bb12px\u00bb header_4_letter_spacing=\u00bb2px\u00bb header_4_line_height=\u00bb2em\u00bb text_line_height_tablet=\u00bb\u00bb text_line_height_phone=\u00bb1.6em\u00bb text_line_height_last_edited=\u00bbon|phone\u00bb header_3_font_size_phone=\u00bb30px\u00bb header_3_font_size_last_edited=\u00bboff|desktop\u00bb locked=\u00bboff\u00bb global_colors_info=\u00bb{}\u00bb]<\/p>\n<h4><span style=\"color: #ff0000;\">Responsable del Equipo de Tramite Documentario y Archivo<\/span><\/h4>\n<h3>Carla Susana Vidal Ram\u00edrez<\/h3>\n<p>Correo: carla.vidal@ugel04.gob.pe<\/p>\n<p>[\/et_pb_text][\/et_pb_column][et_pb_column type=\u00bb1_3&#8243; _builder_version=\u00bb4.16&#8243; custom_padding=\u00bb|||\u00bb global_colors_info=\u00bb{}\u00bb custom_padding__hover=\u00bb|||\u00bb][\/et_pb_column][\/et_pb_row][et_pb_row column_structure=\u00bb1_3,1_3,1_3&#8243; _builder_version=\u00bb4.16&#8243; locked=\u00bboff\u00bb global_colors_info=\u00bb{}\u00bb][et_pb_column type=\u00bb1_3&#8243; _builder_version=\u00bb4.16&#8243; custom_padding=\u00bb|||\u00bb global_colors_info=\u00bb{}\u00bb custom_padding__hover=\u00bb|||\u00bb][et_pb_image src=\u00bbhttps:\/\/ugel04.gob.pe\/home\/wp-content\/uploads\/2025\/01\/Jose-Garcia-Abanto.jpeg\u00bb title_text=\u00bbJos\u00e9 Garc\u00eda Abanto\u00bb align_tablet=\u00bbcenter\u00bb align_phone=\u00bbcenter\u00bb align_last_edited=\u00bbon|desktop\u00bb _builder_version=\u00bb4.27.4&#8243; width=\u00bb65%\u00bb global_colors_info=\u00bb{}\u00bb][\/et_pb_image][\/et_pb_column][et_pb_column type=\u00bb1_3&#8243; _builder_version=\u00bb4.16&#8243; custom_padding=\u00bb|||\u00bb global_colors_info=\u00bb{}\u00bb custom_padding__hover=\u00bb|||\u00bb][et_pb_text _builder_version=\u00bb4.27.4&#8243; text_font=\u00bb||||||||\u00bb text_font_size=\u00bb15px\u00bb text_line_height=\u00bb2em\u00bb header_font=\u00bb||||||||\u00bb header_2_font=\u00bb||||||||\u00bb header_3_font=\u00bbEB Garamond||||||||\u00bb header_3_font_size=\u00bb30px\u00bb header_3_line_height=\u00bb1.4em\u00bb header_4_font=\u00bb|700||on|||||\u00bb header_4_text_color=\u00bb#ffdaa4&#8243; header_4_font_size=\u00bb12px\u00bb header_4_letter_spacing=\u00bb2px\u00bb header_4_line_height=\u00bb2em\u00bb text_line_height_tablet=\u00bb\u00bb text_line_height_phone=\u00bb1.6em\u00bb text_line_height_last_edited=\u00bbon|phone\u00bb header_3_font_size_phone=\u00bb30px\u00bb header_3_font_size_last_edited=\u00bboff|desktop\u00bb locked=\u00bboff\u00bb global_colors_info=\u00bb{}\u00bb]<\/p>\n<h4><span style=\"color: #ff0000;\">Responsable del Equipo de Patrimonio<\/span><\/h4>\n<h3>Jos\u00e9 Mayer Garcia Abanto<\/h3>\n<p>Correo: jose.garcia@ugel04.gob.pe<\/p>\n<p>[\/et_pb_text][\/et_pb_column][et_pb_column type=\u00bb1_3&#8243; _builder_version=\u00bb4.16&#8243; custom_padding=\u00bb|||\u00bb global_colors_info=\u00bb{}\u00bb custom_padding__hover=\u00bb|||\u00bb][\/et_pb_column][\/et_pb_row][et_pb_row column_structure=\u00bb1_3,1_3,1_3&#8243; _builder_version=\u00bb4.16&#8243; locked=\u00bboff\u00bb global_colors_info=\u00bb{}\u00bb][et_pb_column type=\u00bb1_3&#8243; _builder_version=\u00bb4.16&#8243; custom_padding=\u00bb|||\u00bb global_colors_info=\u00bb{}\u00bb custom_padding__hover=\u00bb|||\u00bb][et_pb_image src=\u00bbhttps:\/\/ugel04.gob.pe\/home\/wp-content\/uploads\/2025\/01\/Hector-Sandoval.jpeg\u00bb title_text=\u00bbH\u00e9ctor Sandoval\u00bb align_tablet=\u00bbcenter\u00bb align_phone=\u00bbcenter\u00bb align_last_edited=\u00bbon|desktop\u00bb _builder_version=\u00bb4.27.4&#8243; width=\u00bb65%\u00bb global_colors_info=\u00bb{}\u00bb][\/et_pb_image][\/et_pb_column][et_pb_column type=\u00bb1_3&#8243; _builder_version=\u00bb4.16&#8243; custom_padding=\u00bb|||\u00bb global_colors_info=\u00bb{}\u00bb custom_padding__hover=\u00bb|||\u00bb][et_pb_text _builder_version=\u00bb4.27.4&#8243; text_font=\u00bb||||||||\u00bb text_font_size=\u00bb15px\u00bb text_line_height=\u00bb2em\u00bb header_font=\u00bb||||||||\u00bb header_2_font=\u00bb||||||||\u00bb header_3_font=\u00bbEB Garamond||||||||\u00bb header_3_font_size=\u00bb30px\u00bb header_3_line_height=\u00bb1.4em\u00bb header_4_font=\u00bb|700||on|||||\u00bb header_4_text_color=\u00bb#ffdaa4&#8243; header_4_font_size=\u00bb12px\u00bb header_4_letter_spacing=\u00bb2px\u00bb header_4_line_height=\u00bb2em\u00bb text_line_height_tablet=\u00bb\u00bb text_line_height_phone=\u00bb1.6em\u00bb text_line_height_last_edited=\u00bbon|phone\u00bb header_3_font_size_phone=\u00bb30px\u00bb header_3_font_size_last_edited=\u00bboff|desktop\u00bb locked=\u00bboff\u00bb global_colors_info=\u00bb{}\u00bb]<\/p>\n<h4><span style=\"color: #ff0000;\">Responsable del Equipo de Log\u00edstica<\/span><\/h4>\n<h3>Hector Alberto Sandoval More<\/h3>\n<p>Correo: hector.sandoval@ugel04.gob.pe<\/p>\n<p>[\/et_pb_text][\/et_pb_column][et_pb_column type=\u00bb1_3&#8243; _builder_version=\u00bb4.16&#8243; custom_padding=\u00bb|||\u00bb global_colors_info=\u00bb{}\u00bb custom_padding__hover=\u00bb|||\u00bb][\/et_pb_column][\/et_pb_row][et_pb_row _builder_version=\u00bb4.16&#8243; locked=\u00bboff\u00bb global_colors_info=\u00bb{}\u00bb][et_pb_column type=\u00bb4_4&#8243; _builder_version=\u00bb4.16&#8243; custom_padding=\u00bb|||\u00bb global_colors_info=\u00bb{}\u00bb custom_padding__hover=\u00bb|||\u00bb][et_pb_text _builder_version=\u00bb4.21.0&#8243; text_font=\u00bbEB Garamond|700|||||||\u00bb text_text_color=\u00bbrgba(0,0,0,0.02)\u00bb text_font_size=\u00bb80px\u00bb text_line_height=\u00bb0em\u00bb header_2_font=\u00bbEB Garamond||||||||\u00bb header_2_font_size=\u00bb50px\u00bb header_2_line_height=\u00bb1.3em\u00bb text_orientation=\u00bbcenter\u00bb text_font_size_tablet=\u00bb50px\u00bb text_font_size_phone=\u00bb30px\u00bb text_font_size_last_edited=\u00bbon|desktop\u00bb header_2_font_size_tablet=\u00bb40px\u00bb header_2_font_size_phone=\u00bb30px\u00bb header_2_font_size_last_edited=\u00bbon|phone\u00bb global_colors_info=\u00bb{}\u00bb]<\/p>\n<p>&nbsp;<\/p>\n<h2>\u00c1rea de Recursos Humanos<\/h2>\n<p>[\/et_pb_text][\/et_pb_column][\/et_pb_row][et_pb_row column_structure=\u00bb1_3,1_3,1_3&#8243; _builder_version=\u00bb4.16&#8243; locked=\u00bboff\u00bb global_colors_info=\u00bb{}\u00bb][et_pb_column type=\u00bb1_3&#8243; _builder_version=\u00bb4.16&#8243; custom_padding=\u00bb|||\u00bb global_colors_info=\u00bb{}\u00bb custom_padding__hover=\u00bb|||\u00bb][et_pb_image src=\u00bbhttps:\/\/ugel04.gob.pe\/home\/wp-content\/uploads\/2025\/06\/1750103498IFYB-roxanameneses.jpg\u00bb title_text=\u00bb1750103498IFYB-roxanameneses\u00bb align_tablet=\u00bbcenter\u00bb align_phone=\u00bbcenter\u00bb align_last_edited=\u00bbon|desktop\u00bb _builder_version=\u00bb4.27.4&#8243; width=\u00bb65%\u00bb global_colors_info=\u00bb{}\u00bb][\/et_pb_image][\/et_pb_column][et_pb_column type=\u00bb1_3&#8243; _builder_version=\u00bb4.16&#8243; custom_padding=\u00bb|||\u00bb global_colors_info=\u00bb{}\u00bb custom_padding__hover=\u00bb|||\u00bb][et_pb_text _builder_version=\u00bb4.27.4&#8243; text_font=\u00bb||||||||\u00bb text_font_size=\u00bb15px\u00bb text_line_height=\u00bb2em\u00bb header_font=\u00bb||||||||\u00bb header_2_font=\u00bb||||||||\u00bb header_3_font=\u00bbEB Garamond||||||||\u00bb header_3_font_size=\u00bb30px\u00bb header_3_line_height=\u00bb1.4em\u00bb header_4_font=\u00bb|700||on|||||\u00bb header_4_text_color=\u00bb#ffdaa4&#8243; header_4_font_size=\u00bb12px\u00bb header_4_letter_spacing=\u00bb2px\u00bb header_4_line_height=\u00bb2em\u00bb text_line_height_tablet=\u00bb\u00bb text_line_height_phone=\u00bb1.6em\u00bb text_line_height_last_edited=\u00bbon|phone\u00bb header_3_font_size_phone=\u00bb30px\u00bb header_3_font_size_last_edited=\u00bboff|desktop\u00bb locked=\u00bboff\u00bb global_colors_info=\u00bb{}\u00bb]<\/p>\n<h4><span style=\"color: #ff0000;\">Jefe del \u00c1rea de Recursos Humanos<\/span><\/h4>\n<h3>Roxana Meneses Amaya<\/h3>\n<p>Correo: roxana.meneses@ugel04.gob.pe<\/p>\n<p>[\/et_pb_text][\/et_pb_column][et_pb_column type=\u00bb1_3&#8243; _builder_version=\u00bb4.16&#8243; custom_padding=\u00bb|||\u00bb global_colors_info=\u00bb{}\u00bb custom_padding__hover=\u00bb|||\u00bb][\/et_pb_column][\/et_pb_row][et_pb_row column_structure=\u00bb1_3,1_3,1_3&#8243; _builder_version=\u00bb4.16&#8243; locked=\u00bboff\u00bb global_colors_info=\u00bb{}\u00bb][et_pb_column type=\u00bb1_3&#8243; _builder_version=\u00bb4.16&#8243; custom_padding=\u00bb|||\u00bb global_colors_info=\u00bb{}\u00bb custom_padding__hover=\u00bb|||\u00bb][et_pb_image src=\u00bbhttps:\/\/ugel04.gob.pe\/home\/wp-content\/uploads\/2025\/06\/1750187839VRUP-UBERSOTO.jpg\u00bb title_text=\u00bb1750187839VRUP-UBERSOTO\u00bb align_tablet=\u00bbcenter\u00bb align_phone=\u00bbcenter\u00bb align_last_edited=\u00bbon|desktop\u00bb _builder_version=\u00bb4.27.4&#8243; width=\u00bb65%\u00bb global_colors_info=\u00bb{}\u00bb][\/et_pb_image][\/et_pb_column][et_pb_column type=\u00bb1_3&#8243; _builder_version=\u00bb4.16&#8243; custom_padding=\u00bb|||\u00bb global_colors_info=\u00bb{}\u00bb custom_padding__hover=\u00bb|||\u00bb][et_pb_text _builder_version=\u00bb4.27.4&#8243; text_font=\u00bb||||||||\u00bb text_font_size=\u00bb15px\u00bb text_line_height=\u00bb2em\u00bb header_font=\u00bb||||||||\u00bb header_2_font=\u00bb||||||||\u00bb header_3_font=\u00bbEB Garamond||||||||\u00bb header_3_font_size=\u00bb30px\u00bb header_3_line_height=\u00bb1.4em\u00bb header_4_font=\u00bb|700||on|||||\u00bb header_4_text_color=\u00bb#ffdaa4&#8243; header_4_font_size=\u00bb12px\u00bb header_4_letter_spacing=\u00bb2px\u00bb header_4_line_height=\u00bb2em\u00bb text_line_height_tablet=\u00bb\u00bb text_line_height_phone=\u00bb1.6em\u00bb text_line_height_last_edited=\u00bbon|phone\u00bb header_3_font_size_phone=\u00bb30px\u00bb header_3_font_size_last_edited=\u00bboff|desktop\u00bb locked=\u00bboff\u00bb global_colors_info=\u00bb{}\u00bb]<\/p>\n<h4><span style=\"color: #ff0000;\">Responsable del Equipo de Planillas y Pensiones<\/span><\/h4>\n<h3>Uber Soto Apolinario<\/h3>\n<p>Correo: uber.soto@ugel04.gob.pe<\/p>\n<p>[\/et_pb_text][\/et_pb_column][et_pb_column type=\u00bb1_3&#8243; _builder_version=\u00bb4.16&#8243; custom_padding=\u00bb|||\u00bb global_colors_info=\u00bb{}\u00bb custom_padding__hover=\u00bb|||\u00bb][\/et_pb_column][\/et_pb_row][et_pb_row column_structure=\u00bb1_3,1_3,1_3&#8243; _builder_version=\u00bb4.16&#8243; locked=\u00bboff\u00bb global_colors_info=\u00bb{}\u00bb][et_pb_column type=\u00bb1_3&#8243; _builder_version=\u00bb4.16&#8243; custom_padding=\u00bb|||\u00bb global_colors_info=\u00bb{}\u00bb custom_padding__hover=\u00bb|||\u00bb][et_pb_image src=\u00bbhttps:\/\/ugel04.gob.pe\/home\/wp-content\/uploads\/2025\/01\/Oscar-Chacon.jpeg\u00bb title_text=\u00bbOscar Chac\u00f3n\u00bb align_tablet=\u00bbcenter\u00bb align_phone=\u00bbcenter\u00bb align_last_edited=\u00bbon|desktop\u00bb _builder_version=\u00bb4.27.4&#8243; width=\u00bb65%\u00bb global_colors_info=\u00bb{}\u00bb][\/et_pb_image][\/et_pb_column][et_pb_column type=\u00bb1_3&#8243; _builder_version=\u00bb4.16&#8243; custom_padding=\u00bb|||\u00bb global_colors_info=\u00bb{}\u00bb custom_padding__hover=\u00bb|||\u00bb][et_pb_text _builder_version=\u00bb4.27.4&#8243; text_font=\u00bb||||||||\u00bb text_font_size=\u00bb15px\u00bb text_line_height=\u00bb2em\u00bb header_font=\u00bb||||||||\u00bb header_2_font=\u00bb||||||||\u00bb header_3_font=\u00bbEB Garamond||||||||\u00bb header_3_font_size=\u00bb30px\u00bb header_3_line_height=\u00bb1.4em\u00bb header_4_font=\u00bb|700||on|||||\u00bb header_4_text_color=\u00bb#ffdaa4&#8243; header_4_font_size=\u00bb12px\u00bb header_4_letter_spacing=\u00bb2px\u00bb header_4_line_height=\u00bb2em\u00bb text_line_height_tablet=\u00bb\u00bb text_line_height_phone=\u00bb1.6em\u00bb text_line_height_last_edited=\u00bbon|phone\u00bb header_3_font_size_phone=\u00bb30px\u00bb header_3_font_size_last_edited=\u00bboff|desktop\u00bb locked=\u00bboff\u00bb global_colors_info=\u00bb{}\u00bb]<\/p>\n<h4><span style=\"color: #ff0000;\">Responsable del Equipo de Reclutamiento y Selecci\u00f3n<\/span><\/h4>\n<h3>Oscar Alberto Chac\u00f3n Taya<\/h3>\n<p>Correo: oscar.chacon@ugel04.gob.pe<\/p>\n<p>[\/et_pb_text][\/et_pb_column][et_pb_column type=\u00bb1_3&#8243; _builder_version=\u00bb4.16&#8243; custom_padding=\u00bb|||\u00bb global_colors_info=\u00bb{}\u00bb custom_padding__hover=\u00bb|||\u00bb][\/et_pb_column][\/et_pb_row][et_pb_row column_structure=\u00bb1_3,1_3,1_3&#8243; _builder_version=\u00bb4.16&#8243; locked=\u00bboff\u00bb global_colors_info=\u00bb{}\u00bb][et_pb_column type=\u00bb1_3&#8243; _builder_version=\u00bb4.16&#8243; custom_padding=\u00bb|||\u00bb global_colors_info=\u00bb{}\u00bb custom_padding__hover=\u00bb|||\u00bb][et_pb_image src=\u00bbhttps:\/\/ugel04.gob.pe\/home\/wp-content\/uploads\/2025\/01\/Enrique-Calderon.jpeg\u00bb title_text=\u00bbEnrique Calder\u00f3n\u00bb align_tablet=\u00bbcenter\u00bb align_phone=\u00bbcenter\u00bb align_last_edited=\u00bbon|desktop\u00bb _builder_version=\u00bb4.27.4&#8243; width=\u00bb65%\u00bb global_colors_info=\u00bb{}\u00bb][\/et_pb_image][\/et_pb_column][et_pb_column type=\u00bb1_3&#8243; _builder_version=\u00bb4.16&#8243; custom_padding=\u00bb|||\u00bb global_colors_info=\u00bb{}\u00bb custom_padding__hover=\u00bb|||\u00bb][et_pb_text _builder_version=\u00bb4.27.4&#8243; text_font=\u00bb||||||||\u00bb text_font_size=\u00bb15px\u00bb text_line_height=\u00bb2em\u00bb header_font=\u00bb||||||||\u00bb header_2_font=\u00bb||||||||\u00bb header_3_font=\u00bbEB Garamond||||||||\u00bb header_3_font_size=\u00bb30px\u00bb header_3_line_height=\u00bb1.4em\u00bb header_4_font=\u00bb|700||on|||||\u00bb header_4_text_color=\u00bb#ffdaa4&#8243; header_4_font_size=\u00bb12px\u00bb header_4_letter_spacing=\u00bb2px\u00bb header_4_line_height=\u00bb2em\u00bb text_line_height_tablet=\u00bb\u00bb text_line_height_phone=\u00bb1.6em\u00bb text_line_height_last_edited=\u00bbon|phone\u00bb header_3_font_size_phone=\u00bb30px\u00bb header_3_font_size_last_edited=\u00bboff|desktop\u00bb locked=\u00bboff\u00bb global_colors_info=\u00bb{}\u00bb]<\/p>\n<h4><span style=\"color: #ff0000;\">Responsable del Equipo de Escalaf\u00f3n y Legajos<\/span><\/h4>\n<h3>Enrique Fedeberto Calder\u00f3n Zapata<\/h3>\n<p>Correo: enrique.calderon@ugel04.gob.pe<\/p>\n<p>[\/et_pb_text][\/et_pb_column][et_pb_column type=\u00bb1_3&#8243; _builder_version=\u00bb4.16&#8243; custom_padding=\u00bb|||\u00bb global_colors_info=\u00bb{}\u00bb custom_padding__hover=\u00bb|||\u00bb][\/et_pb_column][\/et_pb_row][et_pb_row column_structure=\u00bb1_3,1_3,1_3&#8243; _builder_version=\u00bb4.16&#8243; locked=\u00bboff\u00bb global_colors_info=\u00bb{}\u00bb][et_pb_column type=\u00bb1_3&#8243; _builder_version=\u00bb4.16&#8243; custom_padding=\u00bb|||\u00bb global_colors_info=\u00bb{}\u00bb custom_padding__hover=\u00bb|||\u00bb][et_pb_image src=\u00bbhttps:\/\/ugel04.gob.pe\/home\/wp-content\/uploads\/2025\/01\/Teresilda-Garcia.jpeg\u00bb title_text=\u00bbTeresilda Garc\u00eda\u00bb align_tablet=\u00bbcenter\u00bb align_phone=\u00bbcenter\u00bb align_last_edited=\u00bbon|desktop\u00bb _builder_version=\u00bb4.27.4&#8243; width=\u00bb65%\u00bb global_colors_info=\u00bb{}\u00bb][\/et_pb_image][\/et_pb_column][et_pb_column type=\u00bb1_3&#8243; _builder_version=\u00bb4.16&#8243; custom_padding=\u00bb|||\u00bb global_colors_info=\u00bb{}\u00bb custom_padding__hover=\u00bb|||\u00bb][et_pb_text _builder_version=\u00bb4.27.4&#8243; text_font=\u00bb||||||||\u00bb text_font_size=\u00bb15px\u00bb text_line_height=\u00bb2em\u00bb header_font=\u00bb||||||||\u00bb header_2_font=\u00bb||||||||\u00bb header_3_font=\u00bbEB Garamond||||||||\u00bb header_3_font_size=\u00bb30px\u00bb header_3_line_height=\u00bb1.4em\u00bb header_4_font=\u00bb|700||on|||||\u00bb header_4_text_color=\u00bb#ffdaa4&#8243; header_4_font_size=\u00bb12px\u00bb header_4_letter_spacing=\u00bb2px\u00bb header_4_line_height=\u00bb2em\u00bb text_line_height_tablet=\u00bb\u00bb text_line_height_phone=\u00bb1.6em\u00bb text_line_height_last_edited=\u00bbon|phone\u00bb header_3_font_size_phone=\u00bb30px\u00bb header_3_font_size_last_edited=\u00bboff|desktop\u00bb locked=\u00bboff\u00bb global_colors_info=\u00bb{}\u00bb]<\/p>\n<h4><span style=\"color: #ff0000;\">Responsable del Equipo de Desarrollo y Bienestar del Talento Humano<\/span><\/h4>\n<h3>Teresilda Blanca Garc\u00eda Cabrera<\/h3>\n<p>Correo: teresilda.garcia@ugel04.gob.pe<\/p>\n<p>[\/et_pb_text][\/et_pb_column][et_pb_column type=\u00bb1_3&#8243; _builder_version=\u00bb4.16&#8243; custom_padding=\u00bb|||\u00bb global_colors_info=\u00bb{}\u00bb custom_padding__hover=\u00bb|||\u00bb][\/et_pb_column][\/et_pb_row][et_pb_row column_structure=\u00bb1_3,1_3,1_3&#8243; _builder_version=\u00bb4.16&#8243; locked=\u00bboff\u00bb global_colors_info=\u00bb{}\u00bb][et_pb_column type=\u00bb1_3&#8243; _builder_version=\u00bb4.16&#8243; custom_padding=\u00bb|||\u00bb global_colors_info=\u00bb{}\u00bb custom_padding__hover=\u00bb|||\u00bb][et_pb_image src=\u00bbhttps:\/\/ugel04.gob.pe\/home\/wp-content\/uploads\/2025\/01\/Ysidro-Vasquez.jpeg\u00bb title_text=\u00bbYsidro V\u00e1squez\u00bb align_tablet=\u00bbcenter\u00bb align_phone=\u00bbcenter\u00bb align_last_edited=\u00bbon|desktop\u00bb _builder_version=\u00bb4.27.4&#8243; width=\u00bb65%\u00bb global_colors_info=\u00bb{}\u00bb][\/et_pb_image][\/et_pb_column][et_pb_column type=\u00bb1_3&#8243; _builder_version=\u00bb4.16&#8243; custom_padding=\u00bb|||\u00bb global_colors_info=\u00bb{}\u00bb custom_padding__hover=\u00bb|||\u00bb][et_pb_text _builder_version=\u00bb4.27.4&#8243; text_font=\u00bb||||||||\u00bb text_font_size=\u00bb15px\u00bb text_line_height=\u00bb2em\u00bb header_font=\u00bb||||||||\u00bb header_2_font=\u00bb||||||||\u00bb header_3_font=\u00bbEB Garamond||||||||\u00bb header_3_font_size=\u00bb30px\u00bb header_3_line_height=\u00bb1.4em\u00bb header_4_font=\u00bb|700||on|||||\u00bb header_4_text_color=\u00bb#ffdaa4&#8243; header_4_font_size=\u00bb12px\u00bb header_4_letter_spacing=\u00bb2px\u00bb header_4_line_height=\u00bb2em\u00bb text_line_height_tablet=\u00bb\u00bb text_line_height_phone=\u00bb1.6em\u00bb text_line_height_last_edited=\u00bbon|phone\u00bb header_3_font_size_phone=\u00bb30px\u00bb header_3_font_size_last_edited=\u00bboff|desktop\u00bb locked=\u00bboff\u00bb global_colors_info=\u00bb{}\u00bb]<\/p>\n<h4><span style=\"color: #ff0000;\">Responsable del Equipo de administraci\u00f3n de personal<\/span><\/h4>\n<h3>Ysidro V\u00e1squez Ruiz<\/h3>\n<p>Correo: ysidro.vasquez@ugel04.gob.pe<\/p>\n<p>[\/et_pb_text][\/et_pb_column][et_pb_column type=\u00bb1_3&#8243; _builder_version=\u00bb4.16&#8243; custom_padding=\u00bb|||\u00bb global_colors_info=\u00bb{}\u00bb custom_padding__hover=\u00bb|||\u00bb][\/et_pb_column][\/et_pb_row][et_pb_row column_structure=\u00bb1_3,1_3,1_3&#8243; _builder_version=\u00bb4.16&#8243; locked=\u00bboff\u00bb global_colors_info=\u00bb{}\u00bb][et_pb_column type=\u00bb1_3&#8243; _builder_version=\u00bb4.16&#8243; custom_padding=\u00bb|||\u00bb global_colors_info=\u00bb{}\u00bb custom_padding__hover=\u00bb|||\u00bb][et_pb_image src=\u00bbhttps:\/\/ugel04.gob.pe\/home\/wp-content\/uploads\/2025\/01\/Jefferson-Bustamante.jpeg\u00bb title_text=\u00bbJefferson Bustamante\u00bb align_tablet=\u00bbcenter\u00bb align_phone=\u00bbcenter\u00bb align_last_edited=\u00bbon|desktop\u00bb _builder_version=\u00bb4.27.4&#8243; width=\u00bb65%\u00bb global_colors_info=\u00bb{}\u00bb][\/et_pb_image][\/et_pb_column][et_pb_column type=\u00bb1_3&#8243; _builder_version=\u00bb4.16&#8243; custom_padding=\u00bb|||\u00bb global_colors_info=\u00bb{}\u00bb custom_padding__hover=\u00bb|||\u00bb][et_pb_text _builder_version=\u00bb4.27.4&#8243; text_font=\u00bb||||||||\u00bb text_font_size=\u00bb15px\u00bb text_line_height=\u00bb2em\u00bb header_font=\u00bb||||||||\u00bb header_2_font=\u00bb||||||||\u00bb header_3_font=\u00bbEB Garamond||||||||\u00bb header_3_font_size=\u00bb30px\u00bb header_3_line_height=\u00bb1.4em\u00bb header_4_font=\u00bb|700||on|||||\u00bb header_4_text_color=\u00bb#ffdaa4&#8243; header_4_font_size=\u00bb12px\u00bb header_4_letter_spacing=\u00bb2px\u00bb header_4_line_height=\u00bb2em\u00bb text_line_height_tablet=\u00bb\u00bb text_line_height_phone=\u00bb1.6em\u00bb text_line_height_last_edited=\u00bbon|phone\u00bb header_3_font_size_phone=\u00bb30px\u00bb header_3_font_size_last_edited=\u00bboff|desktop\u00bb locked=\u00bboff\u00bb global_colors_info=\u00bb{}\u00bb]<\/p>\n<h4><span style=\"color: #ff0000;\">secretario t\u00e9cnico de servir<\/span><\/h4>\n<h3>Jefferson Williams Bustamante Venero<\/h3>\n<p>Correo: jefferson.bustamante@ugel04.gob.pe<\/p>\n<p>[\/et_pb_text][\/et_pb_column][et_pb_column type=\u00bb1_3&#8243; _builder_version=\u00bb4.16&#8243; custom_padding=\u00bb|||\u00bb global_colors_info=\u00bb{}\u00bb custom_padding__hover=\u00bb|||\u00bb][\/et_pb_column][\/et_pb_row][et_pb_row column_structure=\u00bb1_3,1_3,1_3&#8243; _builder_version=\u00bb4.16&#8243; locked=\u00bboff\u00bb global_colors_info=\u00bb{}\u00bb][et_pb_column type=\u00bb1_3&#8243; _builder_version=\u00bb4.16&#8243; custom_padding=\u00bb|||\u00bb global_colors_info=\u00bb{}\u00bb custom_padding__hover=\u00bb|||\u00bb][et_pb_image src=\u00bbhttps:\/\/ugel04.gob.pe\/home\/wp-content\/uploads\/2025\/01\/Maria-Enciso.jpeg\u00bb title_text=\u00bbMar\u00eda Enciso\u00bb align_tablet=\u00bbcenter\u00bb align_phone=\u00bbcenter\u00bb align_last_edited=\u00bbon|desktop\u00bb _builder_version=\u00bb4.27.4&#8243; width=\u00bb65%\u00bb global_colors_info=\u00bb{}\u00bb][\/et_pb_image][\/et_pb_column][et_pb_column type=\u00bb1_3&#8243; _builder_version=\u00bb4.16&#8243; custom_padding=\u00bb|||\u00bb global_colors_info=\u00bb{}\u00bb custom_padding__hover=\u00bb|||\u00bb][et_pb_text _builder_version=\u00bb4.27.4&#8243; text_font=\u00bb||||||||\u00bb text_font_size=\u00bb15px\u00bb text_line_height=\u00bb2em\u00bb header_font=\u00bb||||||||\u00bb header_2_font=\u00bb||||||||\u00bb header_3_font=\u00bbEB Garamond||||||||\u00bb header_3_font_size=\u00bb30px\u00bb header_3_line_height=\u00bb1.4em\u00bb header_4_font=\u00bb|700||on|||||\u00bb header_4_text_color=\u00bb#ffdaa4&#8243; header_4_font_size=\u00bb12px\u00bb header_4_letter_spacing=\u00bb2px\u00bb header_4_line_height=\u00bb2em\u00bb text_line_height_tablet=\u00bb\u00bb text_line_height_phone=\u00bb1.6em\u00bb text_line_height_last_edited=\u00bbon|phone\u00bb header_3_font_size_phone=\u00bb30px\u00bb header_3_font_size_last_edited=\u00bboff|desktop\u00bb locked=\u00bboff\u00bb global_colors_info=\u00bb{}\u00bb]<\/p>\n<h4><span style=\"color: #ff0000;\">Secretaria t\u00e9cnica de la comisi\u00f3n permanente de procesos administrativos disciplinarios para docentes<\/span><\/h4>\n<h3>Mar\u00eda Enciso Mart\u00ednez<\/h3>\n<p>Correo: maria.enciso@ugel04.gob.pe<\/p>\n<p>[\/et_pb_text][\/et_pb_column][et_pb_column type=\u00bb1_3&#8243; _builder_version=\u00bb4.16&#8243; custom_padding=\u00bb|||\u00bb global_colors_info=\u00bb{}\u00bb custom_padding__hover=\u00bb|||\u00bb][\/et_pb_column][\/et_pb_row][et_pb_row _builder_version=\u00bb4.16&#8243; global_colors_info=\u00bb{}\u00bb][et_pb_column type=\u00bb4_4&#8243; _builder_version=\u00bb4.16&#8243; custom_padding=\u00bb|||\u00bb global_colors_info=\u00bb{}\u00bb custom_padding__hover=\u00bb|||\u00bb][et_pb_text _builder_version=\u00bb4.21.0&#8243; text_font=\u00bbEB Garamond|700|||||||\u00bb text_text_color=\u00bbrgba(0,0,0,0.02)\u00bb text_font_size=\u00bb80px\u00bb text_line_height=\u00bb0em\u00bb header_2_font=\u00bbEB Garamond||||||||\u00bb header_2_font_size=\u00bb50px\u00bb header_2_line_height=\u00bb1.3em\u00bb text_orientation=\u00bbcenter\u00bb text_font_size_tablet=\u00bb50px\u00bb text_font_size_phone=\u00bb30px\u00bb text_font_size_last_edited=\u00bbon|desktop\u00bb header_2_font_size_tablet=\u00bb40px\u00bb header_2_font_size_phone=\u00bb30px\u00bb header_2_font_size_last_edited=\u00bbon|phone\u00bb global_colors_info=\u00bb{}\u00bb]<\/p>\n<p>&nbsp;<\/p>\n<h2>\u00c1rea de Gesti\u00f3n de la Educaci\u00f3n B\u00e1sica Regular Y Especial<\/h2>\n<p>[\/et_pb_text][\/et_pb_column][\/et_pb_row][et_pb_row column_structure=\u00bb1_3,1_3,1_3&#8243; _builder_version=\u00bb4.16&#8243; locked=\u00bboff\u00bb global_colors_info=\u00bb{}\u00bb][et_pb_column type=\u00bb1_3&#8243; _builder_version=\u00bb4.16&#8243; custom_padding=\u00bb|||\u00bb global_colors_info=\u00bb{}\u00bb custom_padding__hover=\u00bb|||\u00bb][et_pb_image src=\u00bbhttps:\/\/ugel04.gob.pe\/home\/wp-content\/uploads\/2025\/01\/Johnny-Ventura.jpeg\u00bb title_text=\u00bbJohnny Ventura\u00bb align_tablet=\u00bbcenter\u00bb align_phone=\u00bbcenter\u00bb align_last_edited=\u00bbon|desktop\u00bb _builder_version=\u00bb4.27.4&#8243; width=\u00bb65%\u00bb global_colors_info=\u00bb{}\u00bb][\/et_pb_image][\/et_pb_column][et_pb_column type=\u00bb1_3&#8243; _builder_version=\u00bb4.16&#8243; custom_padding=\u00bb|||\u00bb global_colors_info=\u00bb{}\u00bb custom_padding__hover=\u00bb|||\u00bb][et_pb_text _builder_version=\u00bb4.27.4&#8243; text_font=\u00bb||||||||\u00bb text_font_size=\u00bb15px\u00bb text_line_height=\u00bb2em\u00bb header_font=\u00bb||||||||\u00bb header_2_font=\u00bb||||||||\u00bb header_3_font=\u00bbEB Garamond||||||||\u00bb header_3_font_size=\u00bb30px\u00bb header_3_line_height=\u00bb1.4em\u00bb header_4_font=\u00bb|700||on|||||\u00bb header_4_text_color=\u00bb#ffdaa4&#8243; header_4_font_size=\u00bb12px\u00bb header_4_letter_spacing=\u00bb2px\u00bb header_4_line_height=\u00bb2em\u00bb text_line_height_tablet=\u00bb\u00bb text_line_height_phone=\u00bb1.6em\u00bb text_line_height_last_edited=\u00bbon|phone\u00bb header_3_font_size_phone=\u00bb30px\u00bb header_3_font_size_last_edited=\u00bboff|desktop\u00bb locked=\u00bboff\u00bb global_colors_info=\u00bb{}\u00bb]<\/p>\n<h4><span style=\"color: #ff0000;\">Jefe del \u00c1rea de Gesti\u00f3n de la Educaci\u00f3n B\u00e1sica Regular y Especial<\/span><\/h4>\n<h3>Johnny Ventura Villa<\/h3>\n<p>Correo: johnny.ventura@ugel04.gob.pe<\/p>\n<p>[\/et_pb_text][\/et_pb_column][et_pb_column type=\u00bb1_3&#8243; _builder_version=\u00bb4.16&#8243; custom_padding=\u00bb|||\u00bb global_colors_info=\u00bb{}\u00bb custom_padding__hover=\u00bb|||\u00bb][\/et_pb_column][\/et_pb_row][et_pb_row _builder_version=\u00bb4.16&#8243; global_colors_info=\u00bb{}\u00bb][et_pb_column type=\u00bb4_4&#8243; _builder_version=\u00bb4.16&#8243; custom_padding=\u00bb|||\u00bb global_colors_info=\u00bb{}\u00bb custom_padding__hover=\u00bb|||\u00bb][et_pb_text _builder_version=\u00bb4.21.0&#8243; text_font=\u00bbEB Garamond|700|||||||\u00bb text_text_color=\u00bbrgba(0,0,0,0.02)\u00bb text_font_size=\u00bb80px\u00bb text_line_height=\u00bb0em\u00bb header_2_font=\u00bbEB Garamond||||||||\u00bb header_2_font_size=\u00bb50px\u00bb header_2_line_height=\u00bb1.3em\u00bb text_orientation=\u00bbcenter\u00bb text_font_size_tablet=\u00bb50px\u00bb text_font_size_phone=\u00bb30px\u00bb text_font_size_last_edited=\u00bbon|desktop\u00bb header_2_font_size_tablet=\u00bb40px\u00bb header_2_font_size_phone=\u00bb30px\u00bb header_2_font_size_last_edited=\u00bbon|phone\u00bb global_colors_info=\u00bb{}\u00bb]<\/p>\n<p>&nbsp;<\/p>\n<h2>\u00c1rea de Supervisi\u00f3n y Gesti\u00f3n del Servicio Educativo<\/h2>\n<p>[\/et_pb_text][\/et_pb_column][\/et_pb_row][et_pb_row column_structure=\u00bb1_3,1_3,1_3&#8243; _builder_version=\u00bb4.16&#8243; locked=\u00bboff\u00bb global_colors_info=\u00bb{}\u00bb][et_pb_column type=\u00bb1_3&#8243; _builder_version=\u00bb4.16&#8243; custom_padding=\u00bb|||\u00bb global_colors_info=\u00bb{}\u00bb custom_padding__hover=\u00bb|||\u00bb][et_pb_image src=\u00bbhttps:\/\/ugel04.gob.pe\/home\/wp-content\/uploads\/2025\/06\/1750187853CK4S-WILLY-VASQUEZ.jpg\u00bb title_text=\u00bb1750187853CK4S-WILLY-VASQUEZ\u00bb align_tablet=\u00bbcenter\u00bb align_phone=\u00bbcenter\u00bb align_last_edited=\u00bbon|desktop\u00bb _builder_version=\u00bb4.27.4&#8243; width=\u00bb65%\u00bb global_colors_info=\u00bb{}\u00bb][\/et_pb_image][\/et_pb_column][et_pb_column type=\u00bb1_3&#8243; _builder_version=\u00bb4.16&#8243; custom_padding=\u00bb|||\u00bb global_colors_info=\u00bb{}\u00bb custom_padding__hover=\u00bb|||\u00bb][et_pb_text _builder_version=\u00bb4.27.4&#8243; text_font=\u00bb||||||||\u00bb text_font_size=\u00bb15px\u00bb text_line_height=\u00bb2em\u00bb header_font=\u00bb||||||||\u00bb header_2_font=\u00bb||||||||\u00bb header_3_font=\u00bbEB Garamond||||||||\u00bb header_3_font_size=\u00bb30px\u00bb header_3_line_height=\u00bb1.4em\u00bb header_4_font=\u00bb|700||on|||||\u00bb header_4_text_color=\u00bb#ffdaa4&#8243; header_4_font_size=\u00bb12px\u00bb header_4_letter_spacing=\u00bb2px\u00bb header_4_line_height=\u00bb2em\u00bb text_line_height_tablet=\u00bb\u00bb text_line_height_phone=\u00bb1.6em\u00bb text_line_height_last_edited=\u00bbon|phone\u00bb header_3_font_size_phone=\u00bb30px\u00bb header_3_font_size_last_edited=\u00bboff|desktop\u00bb locked=\u00bboff\u00bb global_colors_info=\u00bb{}\u00bb]<\/p>\n<h4><span style=\"color: #ff0000;\">Jefe del \u00c1rea de Supervisi\u00f3n y Gesti\u00f3n del Servicio Educativo<\/span><\/h4>\n<h3>Willy V\u00e1squez Rengifo<\/h3>\n<p>Correo: willy.vasquez@ugel04.gob.pe<\/p>\n<p>[\/et_pb_text][\/et_pb_column][et_pb_column type=\u00bb1_3&#8243; _builder_version=\u00bb4.16&#8243; custom_padding=\u00bb|||\u00bb global_colors_info=\u00bb{}\u00bb custom_padding__hover=\u00bb|||\u00bb][\/et_pb_column][\/et_pb_row][et_pb_row _builder_version=\u00bb4.16&#8243; global_colors_info=\u00bb{}\u00bb][et_pb_column type=\u00bb4_4&#8243; _builder_version=\u00bb4.16&#8243; custom_padding=\u00bb|||\u00bb global_colors_info=\u00bb{}\u00bb custom_padding__hover=\u00bb|||\u00bb][et_pb_text _builder_version=\u00bb4.21.0&#8243; text_font=\u00bbEB Garamond|700|||||||\u00bb text_text_color=\u00bbrgba(0,0,0,0.02)\u00bb text_font_size=\u00bb80px\u00bb text_line_height=\u00bb0em\u00bb header_2_font=\u00bbEB Garamond||||||||\u00bb header_2_font_size=\u00bb50px\u00bb header_2_line_height=\u00bb1.3em\u00bb text_orientation=\u00bbcenter\u00bb text_font_size_tablet=\u00bb50px\u00bb text_font_size_phone=\u00bb30px\u00bb text_font_size_last_edited=\u00bbon|desktop\u00bb header_2_font_size_tablet=\u00bb40px\u00bb header_2_font_size_phone=\u00bb30px\u00bb header_2_font_size_last_edited=\u00bbon|phone\u00bb global_colors_info=\u00bb{}\u00bb]<\/p>\n<p>&nbsp;<\/p>\n<h2>\u00c1rea de Gesti\u00f3n de la Educaci\u00f3n B\u00e1sica Alternativa y T\u00e9cnico Productiva<\/h2>\n<p>[\/et_pb_text][\/et_pb_column][\/et_pb_row][et_pb_row column_structure=\u00bb1_3,1_3,1_3&#8243; _builder_version=\u00bb4.16&#8243; locked=\u00bboff\u00bb global_colors_info=\u00bb{}\u00bb][et_pb_column type=\u00bb1_3&#8243; _builder_version=\u00bb4.16&#8243; custom_padding=\u00bb|||\u00bb global_colors_info=\u00bb{}\u00bb custom_padding__hover=\u00bb|||\u00bb][et_pb_image src=\u00bbhttps:\/\/ugel04.gob.pe\/home\/wp-content\/uploads\/2025\/06\/1750187827TKZD-ROBERTO-ZEVALLOS.jpg\u00bb title_text=\u00bb1750187827TKZD-ROBERTO-ZEVALLOS\u00bb align_tablet=\u00bbcenter\u00bb align_phone=\u00bbcenter\u00bb align_last_edited=\u00bbon|desktop\u00bb _builder_version=\u00bb4.27.4&#8243; width=\u00bb65%\u00bb global_colors_info=\u00bb{}\u00bb][\/et_pb_image][\/et_pb_column][et_pb_column type=\u00bb1_3&#8243; _builder_version=\u00bb4.16&#8243; custom_padding=\u00bb|||\u00bb global_colors_info=\u00bb{}\u00bb custom_padding__hover=\u00bb|||\u00bb][et_pb_text _builder_version=\u00bb4.27.4&#8243; text_font=\u00bb||||||||\u00bb text_font_size=\u00bb15px\u00bb text_line_height=\u00bb2em\u00bb header_font=\u00bb||||||||\u00bb header_2_font=\u00bb||||||||\u00bb header_3_font=\u00bbEB Garamond||||||||\u00bb header_3_font_size=\u00bb30px\u00bb header_3_line_height=\u00bb1.4em\u00bb header_4_font=\u00bb|700||on|||||\u00bb header_4_text_color=\u00bb#ffdaa4&#8243; header_4_font_size=\u00bb12px\u00bb header_4_letter_spacing=\u00bb2px\u00bb header_4_line_height=\u00bb2em\u00bb text_line_height_tablet=\u00bb\u00bb text_line_height_phone=\u00bb1.6em\u00bb text_line_height_last_edited=\u00bbon|phone\u00bb header_3_font_size_phone=\u00bb30px\u00bb header_3_font_size_last_edited=\u00bboff|desktop\u00bb locked=\u00bboff\u00bb global_colors_info=\u00bb{}\u00bb]<\/p>\n<h4><span style=\"color: #ff0000;\">Jefe del \u00c1rea de Gesti\u00f3n de la Educaci\u00f3n B\u00e1sica Alternativa y T\u00e9cnico Productiva<\/span><\/h4>\n<h3>C\u00e9sar Roberto Zevallos Spinetta<\/h3>\n<p>Correo: roberto.zevallos@ugel04.gob.pe<\/p>\n<p>[\/et_pb_text][\/et_pb_column][et_pb_column type=\u00bb1_3&#8243; _builder_version=\u00bb4.16&#8243; custom_padding=\u00bb|||\u00bb global_colors_info=\u00bb{}\u00bb custom_padding__hover=\u00bb|||\u00bb][\/et_pb_column][\/et_pb_row][\/et_pb_section]<\/p>\n","protected":false},"excerpt":{"rendered":"<p>&nbsp; Direcci\u00f3nDirectora de la ugel n\u00b004 Nelly Rufina Cunza Pr\u00edncipe Correo: nelly.cunza@ugel04.gob.peResponsable del Equipo de Participaci\u00f3n y Comunicaci\u00f3n Homero Tomanguilla Reyna Correo: homero.tomanguilla@ugel04.gob.pe&nbsp; \u00d3rgano de Control InstitucionalJefe del \u00d3rgano de [&hellip;]<\/p>\n","protected":false},"author":1,"featured_media":0,"parent":0,"menu_order":0,"comment_status":"closed","ping_status":"closed","template":"","meta":{"_et_pb_use_builder":"on","_et_pb_old_content":"","_et_gb_content_width":"","footnotes":""},"class_list":["post-241581","page","type-page","status-publish","hentry"],"_links":{"self":[{"href":"https:\/\/ugel04.gob.pe\/home\/wp-json\/wp\/v2\/pages\/241581","targetHints":{"allow":["GET"]}}],"collection":[{"href":"https:\/\/ugel04.gob.pe\/home\/wp-json\/wp\/v2\/pages"}],"about":[{"href":"https:\/\/ugel04.gob.pe\/home\/wp-json\/wp\/v2\/types\/page"}],"author":[{"embeddable":true,"href":"https:\/\/ugel04.gob.pe\/home\/wp-json\/wp\/v2\/users\/1"}],"replies":[{"embeddable":true,"href":"https:\/\/ugel04.gob.pe\/home\/wp-json\/wp\/v2\/comments?post=241581"}],"version-history":[{"count":28,"href":"https:\/\/ugel04.gob.pe\/home\/wp-json\/wp\/v2\/pages\/241581\/revisions"}],"predecessor-version":[{"id":260806,"href":"https:\/\/ugel04.gob.pe\/home\/wp-json\/wp\/v2\/pages\/241581\/revisions\/260806"}],"wp:attachment":[{"href":"https:\/\/ugel04.gob.pe\/home\/wp-json\/wp\/v2\/media?parent=241581"}],"curies":[{"name":"wp","href":"https:\/\/api.w.org\/{rel}","templated":true}]}}